{"id":189,"date":"2019-05-02T07:10:36","date_gmt":"2019-05-02T07:10:36","guid":{"rendered":"\/\/www.annette-weber-allendorf.com\/?page_id=189"},"modified":"2025-08-29T12:22:13","modified_gmt":"2025-08-29T12:22:13","slug":"bilder","status":"publish","type":"page","link":"https:\/\/annette-weber-allendorf.com\/?page_id=189","title":{"rendered":"Malerei"},"content":{"rendered":"\t\t<div data-elementor-type=\"wp-post\" data-elementor-id=\"189\" class=\"elementor elementor-189\">\n\t\t\t\t<div class=\"elementor-element elementor-element-0d5fd23 e-flex e-con-boxed e-con e-parent\" data-id=\"0d5fd23\" data-element_type=\"container\" data-e-type=\"container\">\n\t\t\t\t\t<div class=\"e-con-inner\">\n\t\t\t\t<div class=\"elementor-element elementor-element-a0687a4 elementor-widget elementor-widget-image\" data-id=\"a0687a4\" data-element_type=\"widget\" data-e-type=\"widget\" data-widget_type=\"image.default\">\n\t\t\t\t\t\t\t\t\t\t\t\t<figure class=\"wp-caption\">\n\t\t\t\t\t\t\t\t\t\t\t<a href=\"https:\/\/annette-weber-allendorf.com\/wp-content\/uploads\/2025\/08\/Gehoernte-Droste-oder-die-mit-den-vielen-Haenden-Entwurf-2025-40-x-40-cm-collagierte-Malerei-scaled.jpg\" data-elementor-open-lightbox=\"yes\" data-elementor-lightbox-title=\"Geh\u00f6rnte Droste oder die mit den vielen H\u00e4nden Entwurf 2025 40 x 40 cm collagierte Malerei\" data-e-action-hash=\"#elementor-action%3Aaction%3Dlightbox%26settings%3DeyJpZCI6NDQ3MCwidXJsIjoiaHR0cHM6XC9cL2FubmV0dGUtd2ViZXItYWxsZW5kb3JmLmNvbVwvd3AtY29udGVudFwvdXBsb2Fkc1wvMjAyNVwvMDhcL0dlaG9lcm50ZS1Ecm9zdGUtb2Rlci1kaWUtbWl0LWRlbi12aWVsZW4tSGFlbmRlbi1FbnR3dXJmLTIwMjUtNDAteC00MC1jbS1jb2xsYWdpZXJ0ZS1NYWxlcmVpLXNjYWxlZC5qcGcifQ%3D%3D\">\n\t\t\t\t\t\t\t<img decoding=\"async\" src=\"https:\/\/annette-weber-allendorf.com\/wp-content\/uploads\/elementor\/thumbs\/Gehoernte-Droste-oder-die-mit-den-vielen-Haenden-Entwurf-2025-40-x-40-cm-collagierte-Malerei-scaled-rayyg135q13o1sikzbn1cnfbkta4igr304ymv08khk.jpg\" title=\"Geh\u00f6rnte Droste oder die mit den vielen H\u00e4nden Entwurf 2025 40 x 40 cm collagierte Malerei\" alt=\"Geh\u00f6rnte Droste oder die mit den vielen H\u00e4nden Entwurf 2025 40 x 40 cm collagierte Malerei\" class=\"elementor-animation-shrink\" loading=\"lazy\" \/>\t\t\t\t\t\t\t\t<\/a>\n\t\t\t\t\t\t\t\t\t\t\t<figcaption class=\"widget-image-caption wp-caption-text\">Geh\u00f6rnte Droste oder die mit den vielen H\u00e4nden (Entwurf ) 2025 40 x 40 cm collagierte Malerei<\/figcaption>\n\t\t\t\t\t\t\t\t\t\t<\/figure>\n\t\t\t\t\t\t\t\t\t<\/div>\n\t\t\t\t<div class=\"elementor-element elementor-element-4b19023 elementor-widget elementor-widget-image\" data-id=\"4b19023\" data-element_type=\"widget\" data-e-type=\"widget\" data-widget_type=\"image.default\">\n\t\t\t\t\t\t\t\t\t\t\t\t<figure class=\"wp-caption\">\n\t\t\t\t\t\t\t\t\t\t\t<a href=\"https:\/\/annette-weber-allendorf.com\/wp-content\/uploads\/2025\/01\/Kuechendroste.jpg\" data-elementor-open-lightbox=\"yes\" data-elementor-lightbox-title=\"K\u00fcchendroste\" data-e-action-hash=\"#elementor-action%3Aaction%3Dlightbox%26settings%3DeyJpZCI6NDQxOSwidXJsIjoiaHR0cHM6XC9cL2FubmV0dGUtd2ViZXItYWxsZW5kb3JmLmNvbVwvd3AtY29udGVudFwvdXBsb2Fkc1wvMjAyNVwvMDFcL0t1ZWNoZW5kcm9zdGUuanBnIn0%3D\">\n\t\t\t\t\t\t\t<img decoding=\"async\" src=\"https:\/\/annette-weber-allendorf.com\/wp-content\/uploads\/elementor\/thumbs\/Kuechendroste-qzy01ci471fa9wn9zyfd3zxdqwxiosbl1vdxt1bohk.jpg\" title=\"K\u00fcchendroste\" alt=\"K\u00fcchendroste\" class=\"elementor-animation-shrink\" loading=\"lazy\" \/>\t\t\t\t\t\t\t\t<\/a>\n\t\t\t\t\t\t\t\t\t\t\t<figcaption class=\"widget-image-caption wp-caption-text\">K\u00fcchendorste 2024 14x14  Papier<\/figcaption>\n\t\t\t\t\t\t\t\t\t\t<\/figure>\n\t\t\t\t\t\t\t\t\t<\/div>\n\t\t\t\t<div class=\"elementor-element elementor-element-ddd4150 elementor-widget elementor-widget-image\" data-id=\"ddd4150\" data-element_type=\"widget\" data-e-type=\"widget\" data-widget_type=\"image.default\">\n\t\t\t\t\t\t\t\t\t\t\t\t<figure class=\"wp-caption\">\n\t\t\t\t\t\t\t\t\t\t\t<a href=\"https:\/\/annette-weber-allendorf.com\/wp-content\/uploads\/2025\/08\/Muttertier-collaboration-mit-Max-Weber-2005-25-60x60-cm-collagierte-Malerei-Lehmfarbe-auf-Leinwand-scaled.jpg\" data-elementor-open-lightbox=\"yes\" data-elementor-lightbox-title=\"Muttertier collaboration mit Max Weber 2005-25 60x60 cm collagierte Malerei Lehmfarbe auf Leinwand\" data-e-action-hash=\"#elementor-action%3Aaction%3Dlightbox%26settings%3DeyJpZCI6NDQ2OSwidXJsIjoiaHR0cHM6XC9cL2FubmV0dGUtd2ViZXItYWxsZW5kb3JmLmNvbVwvd3AtY29udGVudFwvdXBsb2Fkc1wvMjAyNVwvMDhcL011dHRlcnRpZXItY29sbGFib3JhdGlvbi1taXQtTWF4LVdlYmVyLTIwMDUtMjUtNjB4NjAtY20tY29sbGFnaWVydGUtTWFsZXJlaS1MZWhtZmFyYmUtYXVmLUxlaW53YW5kLXNjYWxlZC5qcGcifQ%3D%3D\">\n\t\t\t\t\t\t\t<img decoding=\"async\" src=\"https:\/\/annette-weber-allendorf.com\/wp-content\/uploads\/elementor\/thumbs\/Muttertier-collaboration-mit-Max-Weber-2005-25-60x60-cm-collagierte-Malerei-Lehmfarbe-auf-Leinwand-scaled-rayyclyauqf3svhfycews0hxrc51i468v7i0zrb54o.jpg\" title=\"Muttertier collaboration mit Max Weber 2005-25 60&#215;60 cm collagierte Malerei Lehmfarbe auf Leinwand\" alt=\"Muttertier collaboration mit Max Weber 2005-25 60x60 cm collagierte Malerei Lehmfarbe auf Leinwand\" class=\"elementor-animation-shrink\" loading=\"lazy\" \/>\t\t\t\t\t\t\t\t<\/a>\n\t\t\t\t\t\t\t\t\t\t\t<figcaption class=\"widget-image-caption wp-caption-text\">Muttertier collaboration mit Max Weber 2005-25 60x60 cm collagierte Malerei Lehmfarbe auf Leinwand<\/figcaption>\n\t\t\t\t\t\t\t\t\t\t<\/figure>\n\t\t\t\t\t\t\t\t\t<\/div>\n\t\t\t\t<div class=\"elementor-element elementor-element-7f049a3 elementor-widget elementor-widget-image\" data-id=\"7f049a3\" data-element_type=\"widget\" data-e-type=\"widget\" data-widget_type=\"image.default\">\n\t\t\t\t\t\t\t\t\t\t\t\t<figure class=\"wp-caption\">\n\t\t\t\t\t\t\t\t\t\t\t<a href=\"https:\/\/annette-weber-allendorf.com\/wp-content\/uploads\/2024\/03\/sie-war-kein-braves-Maedchen-2023-40-x-50-cm-clay-on-canvas-1.jpg\" data-elementor-open-lightbox=\"yes\" data-elementor-lightbox-title=\"sie war (k)ein braves M\u00e4dchen, 2023, 40 x 50 cm, clay on canvas\" data-e-action-hash=\"#elementor-action%3Aaction%3Dlightbox%26settings%3DeyJpZCI6NDI3OCwidXJsIjoiaHR0cHM6XC9cL2FubmV0dGUtd2ViZXItYWxsZW5kb3JmLmNvbVwvd3AtY29udGVudFwvdXBsb2Fkc1wvMjAyNFwvMDNcL3NpZS13YXIta2Vpbi1icmF2ZXMtTWFlZGNoZW4tMjAyMy00MC14LTUwLWNtLWNsYXktb24tY2FudmFzLTEud2VicCJ9\">\n\t\t\t\t\t\t\t<img decoding=\"async\" src=\"https:\/\/annette-weber-allendorf.com\/wp-content\/uploads\/elementor\/thumbs\/sie-war-kein-braves-Maedchen-2023-40-x-50-cm-clay-on-canvas-1-qq8bw0kaqnapau70ysghc7jsjclml8lvu4sjx7xuwo.webp\" title=\"sie war (k)ein braves M\u00e4dchen, 2023, 40 x 50 cm, clay on canvas\" alt=\"sie war (k)ein braves M\u00e4dchen, 2023, 40 x 50 cm, clay on canvas\" class=\"elementor-animation-shrink\" loading=\"lazy\" \/>\t\t\t\t\t\t\t\t<\/a>\n\t\t\t\t\t\t\t\t\t\t\t<figcaption class=\"widget-image-caption wp-caption-text\">sie war (k)ein braves M\u00e4dchen 2023 40 x 50 clay on canvas<\/figcaption>\n\t\t\t\t\t\t\t\t\t\t<\/figure>\n\t\t\t\t\t\t\t\t\t<\/div>\n\t\t\t\t<div class=\"elementor-element elementor-element-492707a elementor-widget elementor-widget-image\" data-id=\"492707a\" data-element_type=\"widget\" data-e-type=\"widget\" data-widget_type=\"image.default\">\n\t\t\t\t\t\t\t\t\t\t\t\t<figure class=\"wp-caption\">\n\t\t\t\t\t\t\t\t\t\t\t<a href=\"https:\/\/annette-weber-allendorf.com\/wp-content\/uploads\/2024\/03\/LA-Bruecken-32x24-Handkolorierter-Druck-auf-Bueten-2024-scaled.jpg\" data-elementor-open-lightbox=\"yes\" data-elementor-lightbox-title=\"LA Br\u00fccken, 32x24 Handkolorierter Druck auf B\u00fcten, 2024\" data-e-action-hash=\"#elementor-action%3Aaction%3Dlightbox%26settings%3DeyJpZCI6NDIxMiwidXJsIjoiaHR0cHM6XC9cL2FubmV0dGUtd2ViZXItYWxsZW5kb3JmLmNvbVwvd3AtY29udGVudFwvdXBsb2Fkc1wvMjAyNFwvMDNcL0xBLUJydWVja2VuLTMyeDI0LUhhbmRrb2xvcmllcnRlci1EcnVjay1hdWYtQnVldGVuLTIwMjQtc2NhbGVkLndlYnAifQ%3D%3D\">\n\t\t\t\t\t\t\t<img decoding=\"async\" src=\"https:\/\/annette-weber-allendorf.com\/wp-content\/uploads\/elementor\/thumbs\/LA-Bruecken-32x24-Handkolorierter-Druck-auf-Bueten-2024-scaled-qq8c2wpouwr94s707vqof4ohxuaty5xsoh9hnpiduc.webp\" title=\"LA Br\u00fccken, 32&#215;24 Handkolorierter Druck auf B\u00fcten, 2024\" alt=\"LA Br\u00fccken, 32x24 Handkolorierter Druck auf B\u00fcten, 2024\" class=\"elementor-animation-shrink\" loading=\"lazy\" \/>\t\t\t\t\t\t\t\t<\/a>\n\t\t\t\t\t\t\t\t\t\t\t<figcaption class=\"widget-image-caption wp-caption-text\">LA Br\u00fccken 2024 32x24 Handkolorierter B\u00fctendruck<\/figcaption>\n\t\t\t\t\t\t\t\t\t\t<\/figure>\n\t\t\t\t\t\t\t\t\t<\/div>\n\t\t\t\t<div class=\"elementor-element elementor-element-5b9f1cb elementor-widget elementor-widget-image\" data-id=\"5b9f1cb\" data-element_type=\"widget\" data-e-type=\"widget\" data-widget_type=\"image.default\">\n\t\t\t\t\t\t\t\t\t\t\t\t<figure class=\"wp-caption\">\n\t\t\t\t\t\t\t\t\t\t\t<a href=\"https:\/\/annette-weber-allendorf.com\/?page_id=4088\">\n\t\t\t\t\t\t\t<img decoding=\"async\" src=\"https:\/\/annette-weber-allendorf.com\/wp-content\/uploads\/elementor\/thumbs\/IMG_8655-qe320kjuqpjv8ue0wzoqc0oujn4yvuatoxqo9giavo.jpeg\" title=\"IMG_8655\" alt=\"IMG_8655\" class=\"elementor-animation-shrink\" loading=\"lazy\" \/>\t\t\t\t\t\t\t\t<\/a>\n\t\t\t\t\t\t\t\t\t\t\t<figcaption class=\"widget-image-caption wp-caption-text\">ohne Titel<\/figcaption>\n\t\t\t\t\t\t\t\t\t\t<\/figure>\n\t\t\t\t\t\t\t\t\t<\/div>\n\t\t\t\t<div class=\"elementor-element elementor-element-1f7c9ad elementor-widget elementor-widget-image\" data-id=\"1f7c9ad\" data-element_type=\"widget\" data-e-type=\"widget\" data-widget_type=\"image.default\">\n\t\t\t\t\t\t\t\t\t\t\t\t<figure class=\"wp-caption\">\n\t\t\t\t\t\t\t\t\t\t\t<a href=\"https:\/\/annette-weber-allendorf.com\/?page_id=4060\">\n\t\t\t\t\t\t\t<img decoding=\"async\" src=\"https:\/\/annette-weber-allendorf.com\/wp-content\/uploads\/elementor\/thumbs\/IMG_0670-scaled-qiol7n8nyqf4hk18488aeul94qrzg1sob6547558k4.jpg\" title=\"IMG_0670\" alt=\"IMG_0670\" class=\"elementor-animation-shrink\" loading=\"lazy\" \/>\t\t\t\t\t\t\t\t<\/a>\n\t\t\t\t\t\t\t\t\t\t\t<figcaption class=\"widget-image-caption wp-caption-text\">stierk\u00e4mpft 2023 29,5x21 Papier<\/figcaption>\n\t\t\t\t\t\t\t\t\t\t<\/figure>\n\t\t\t\t\t\t\t\t\t<\/div>\n\t\t\t\t<div class=\"elementor-element elementor-element-3a53adb elementor-widget elementor-widget-image\" data-id=\"3a53adb\" data-element_type=\"widget\" data-e-type=\"widget\" data-widget_type=\"image.default\">\n\t\t\t\t\t\t\t\t\t\t\t\t<figure class=\"wp-caption\">\n\t\t\t\t\t\t\t\t\t\t\t<a href=\"https:\/\/annette-weber-allendorf.com\/wp-content\/uploads\/2023\/10\/die-Droste-glueht-2023-70-x-77-cm-Malerei-auf-Siebdruckrahmen-scaled.jpg\" data-elementor-open-lightbox=\"yes\" data-elementor-lightbox-title=\"die Droste gl\u00fcht, 2023, 70 x 77 cm, Malerei auf Siebdruckrahmen\" data-e-action-hash=\"#elementor-action%3Aaction%3Dlightbox%26settings%3DeyJpZCI6Mzk5MywidXJsIjoiaHR0cHM6XC9cL2FubmV0dGUtd2ViZXItYWxsZW5kb3JmLmNvbVwvd3AtY29udGVudFwvdXBsb2Fkc1wvMjAyM1wvMTBcL2RpZS1Ecm9zdGUtZ2x1ZWh0LTIwMjMtNzAteC03Ny1jbS1NYWxlcmVpLWF1Zi1TaWViZHJ1Y2tyYWhtZW4tc2NhbGVkLmpwZyJ9\">\n\t\t\t\t\t\t\t<img decoding=\"async\" src=\"https:\/\/annette-weber-allendorf.com\/wp-content\/uploads\/elementor\/thumbs\/die-Droste-glueht-2023-70-x-77-cm-Malerei-auf-Siebdruckrahmen-scaled-qe34pft3225nq5ol9v2makoyf5oq4wuzoe22q0vpn8.jpg\" title=\"die Droste gl\u00fcht, 2023, 70 x 77 cm, Malerei auf Siebdruckrahmen\" alt=\"die Droste gl\u00fcht, 2023, 70 x 77 cm, Malerei auf Siebdruckrahmen\" class=\"elementor-animation-shrink\" loading=\"lazy\" \/>\t\t\t\t\t\t\t\t<\/a>\n\t\t\t\t\t\t\t\t\t\t\t<figcaption class=\"widget-image-caption wp-caption-text\">die Dorste gl\u00fcht, 2023, 70x77, Malerei auf Siebdruckrahmen<\/figcaption>\n\t\t\t\t\t\t\t\t\t\t<\/figure>\n\t\t\t\t\t\t\t\t\t<\/div>\n\t\t\t\t<div class=\"elementor-element elementor-element-58923ea elementor-widget elementor-widget-image\" data-id=\"58923ea\" data-element_type=\"widget\" data-e-type=\"widget\" data-widget_type=\"image.default\">\n\t\t\t\t\t\t\t\t\t\t\t\t<figure class=\"wp-caption\">\n\t\t\t\t\t\t\t\t\t\t\t<a href=\"https:\/\/annette-weber-allendorf.com\/wp-content\/uploads\/2024\/03\/angekommen-2023-100x75-1-scaled.jpg\" data-elementor-open-lightbox=\"yes\" data-elementor-lightbox-title=\"angekommen 2023 100x75\" data-e-action-hash=\"#elementor-action%3Aaction%3Dlightbox%26settings%3DeyJpZCI6NDEzNiwidXJsIjoiaHR0cHM6XC9cL2FubmV0dGUtd2ViZXItYWxsZW5kb3JmLmNvbVwvd3AtY29udGVudFwvdXBsb2Fkc1wvMjAyNFwvMDNcL2FuZ2Vrb21tZW4tMjAyMy0xMDB4NzUtMS1zY2FsZWQuanBnIn0%3D\">\n\t\t\t\t\t\t\t<img decoding=\"async\" src=\"https:\/\/annette-weber-allendorf.com\/wp-content\/uploads\/elementor\/thumbs\/angekommen-2023-100x75-1-scaled-ql1zh7z1y079yahn5znxv9atmst4317yuifmoubxck.jpg\" title=\"angekommen 2023 100&#215;75\" alt=\"angekommen 2023 100x75\" class=\"elementor-animation-shrink\" loading=\"lazy\" \/>\t\t\t\t\t\t\t\t<\/a>\n\t\t\t\t\t\t\t\t\t\t\t<figcaption class=\"widget-image-caption wp-caption-text\">angekommen, 2023, 100x75<\/figcaption>\n\t\t\t\t\t\t\t\t\t\t<\/figure>\n\t\t\t\t\t\t\t\t\t<\/div>\n\t\t\t\t<div class=\"elementor-element elementor-element-f13744c elementor-widget elementor-widget-image\" data-id=\"f13744c\" data-element_type=\"widget\" data-e-type=\"widget\" data-widget_type=\"image.default\">\n\t\t\t\t\t\t\t\t\t\t\t\t<figure class=\"wp-caption\">\n\t\t\t\t\t\t\t\t\t\t\t<a href=\"https:\/\/annette-weber-allendorf.com\/wp-content\/uploads\/2023\/10\/Erwachen-2022-160x200-Tusche-Lehm-scaled.jpg\" data-elementor-open-lightbox=\"yes\" data-elementor-lightbox-title=\"Erwachen 2022 160x200 Tusche Lehm\" data-e-action-hash=\"#elementor-action%3Aaction%3Dlightbox%26settings%3DeyJpZCI6NDAwMiwidXJsIjoiaHR0cHM6XC9cL2FubmV0dGUtd2ViZXItYWxsZW5kb3JmLmNvbVwvd3AtY29udGVudFwvdXBsb2Fkc1wvMjAyM1wvMTBcL0Vyd2FjaGVuLTIwMjItMTYweDIwMC1UdXNjaGUtTGVobS1zY2FsZWQuanBnIn0%3D\">\n\t\t\t\t\t\t\t<img decoding=\"async\" src=\"https:\/\/annette-weber-allendorf.com\/wp-content\/uploads\/elementor\/thumbs\/Erwachen-2022-160x200-Tusche-Lehm-scaled-qe351qj2h0zpmhtigofweyz27n2lucokd9brrcna8k.jpg\" title=\"Erwachen 2022 160&#215;200 Tusche Lehm\" alt=\"Erwachen 2022 160x200 Tusche Lehm\" class=\"elementor-animation-shrink\" loading=\"lazy\" \/>\t\t\t\t\t\t\t\t<\/a>\n\t\t\t\t\t\t\t\t\t\t\t<figcaption class=\"widget-image-caption wp-caption-text\">erwachen 2022 160x200 Tusche Lehm<\/figcaption>\n\t\t\t\t\t\t\t\t\t\t<\/figure>\n\t\t\t\t\t\t\t\t\t<\/div>\n\t\t\t\t<div class=\"elementor-element elementor-element-4cfd511 elementor-widget elementor-widget-image\" data-id=\"4cfd511\" data-element_type=\"widget\" data-e-type=\"widget\" data-widget_type=\"image.default\">\n\t\t\t\t\t\t\t\t\t\t\t\t<figure class=\"wp-caption\">\n\t\t\t\t\t\t\t\t\t\t\t<a href=\"https:\/\/annette-weber-allendorf.com\/wp-content\/uploads\/2023\/10\/Frei-2023-160x200-Lehmmalerei-scaled.jpg\" data-elementor-open-lightbox=\"yes\" data-elementor-lightbox-title=\"Frei, 2023, 160x200, Lehmmalerei\" data-e-action-hash=\"#elementor-action%3Aaction%3Dlightbox%26settings%3DeyJpZCI6NDAwNiwidXJsIjoiaHR0cHM6XC9cL2FubmV0dGUtd2ViZXItYWxsZW5kb3JmLmNvbVwvd3AtY29udGVudFwvdXBsb2Fkc1wvMjAyM1wvMTBcL0ZyZWktMjAyMy0xNjB4MjAwLUxlaG1tYWxlcmVpLXNjYWxlZC5qcGcifQ%3D%3D\">\n\t\t\t\t\t\t\t<img decoding=\"async\" src=\"https:\/\/annette-weber-allendorf.com\/wp-content\/uploads\/elementor\/thumbs\/Frei-2023-160x200-Lehmmalerei-scaled-qe35418v6g4y06hd1o72ie3mhjqwnpsy0mqhzp8n10.jpg\" title=\"Frei, 2023, 160&#215;200, Lehmmalerei\" alt=\"Frei, 2023, 160x200, Lehmmalerei\" class=\"elementor-animation-shrink\" loading=\"lazy\" \/>\t\t\t\t\t\t\t\t<\/a>\n\t\t\t\t\t\t\t\t\t\t\t<figcaption class=\"widget-image-caption wp-caption-text\">frei, 2023, 160x200, Lehmmalerei<\/figcaption>\n\t\t\t\t\t\t\t\t\t\t<\/figure>\n\t\t\t\t\t\t\t\t\t<\/div>\n\t\t\t\t<div class=\"elementor-element elementor-element-8a58a48 elementor-widget elementor-widget-image\" data-id=\"8a58a48\" data-element_type=\"widget\" data-e-type=\"widget\" data-widget_type=\"image.default\">\n\t\t\t\t\t\t\t\t\t\t\t\t<figure class=\"wp-caption\">\n\t\t\t\t\t\t\t\t\t\t\t<a href=\"https:\/\/annette-weber-allendorf.com\/wp-content\/uploads\/2022\/10\/Ukrai-leben-2022.jpg\">\n\t\t\t\t\t\t\t<img decoding=\"async\" src=\"https:\/\/annette-weber-allendorf.com\/wp-content\/uploads\/2022\/07\/Ukraine-2021.jpg\" title=\"\" alt=\"\" class=\"elementor-animation-shrink\" loading=\"lazy\" \/>\t\t\t\t\t\t\t\t<\/a>\n\t\t\t\t\t\t\t\t\t\t\t<figcaption class=\"widget-image-caption wp-caption-text\">ukrai (leben), mixed media 100x200, 2022<\/figcaption>\n\t\t\t\t\t\t\t\t\t\t<\/figure>\n\t\t\t\t\t\t\t\t\t<\/div>\n\t\t\t\t<div class=\"elementor-element elementor-element-79dedf5 elementor-widget elementor-widget-image\" data-id=\"79dedf5\" data-element_type=\"widget\" data-e-type=\"widget\" data-widget_type=\"image.default\">\n\t\t\t\t\t\t\t\t\t\t\t\t<figure class=\"wp-caption\">\n\t\t\t\t\t\t\t\t\t\t\t<a href=\"https:\/\/annette-weber-allendorf.com\/wp-content\/uploads\/2022\/07\/IMG_7330.jpg\" data-elementor-open-lightbox=\"yes\" data-elementor-lightbox-title=\"Esel, Lehmfarben, 160 x 200, 2022\" data-e-action-hash=\"#elementor-action%3Aaction%3Dlightbox%26settings%3DeyJpZCI6MzExMiwidXJsIjoiaHR0cHM6XC9cL2FubmV0dGUtd2ViZXItYWxsZW5kb3JmLmNvbVwvd3AtY29udGVudFwvdXBsb2Fkc1wvMjAyMlwvMDdcL0lNR183MzMwLmpwZyJ9\">\n\t\t\t\t\t\t\t<img decoding=\"async\" src=\"https:\/\/annette-weber-allendorf.com\/wp-content\/uploads\/elementor\/thumbs\/IMG_7330-ps35vgg031ncogecvn9sf0f5xp9ko0rztnd6gdje6s.jpg\" title=\"Esel, Lehmfarben, 160 x 200, 2022\" alt=\"Esel, Lehmfarben, 160 x 200, 2022\" class=\"elementor-animation-shrink\" loading=\"lazy\" \/>\t\t\t\t\t\t\t\t<\/a>\n\t\t\t\t\t\t\t\t\t\t\t<figcaption class=\"widget-image-caption wp-caption-text\">Esel, Lehmfarben, 160x200, 2022<\/figcaption>\n\t\t\t\t\t\t\t\t\t\t<\/figure>\n\t\t\t\t\t\t\t\t\t<\/div>\n\t\t\t\t<div class=\"elementor-element elementor-element-4f713a0 elementor-widget elementor-widget-image\" data-id=\"4f713a0\" data-element_type=\"widget\" data-e-type=\"widget\" data-widget_type=\"image.default\">\n\t\t\t\t\t\t\t\t\t\t\t\t<figure class=\"wp-caption\">\n\t\t\t\t\t\t\t\t\t\t\t<a href=\"https:\/\/annette-weber-allendorf.com\/wp-content\/uploads\/2022\/07\/Malerei-in-Corona-Zeiten-2020-rotated.jpg\" data-elementor-open-lightbox=\"yes\" data-elementor-lightbox-title=\"Malerei in Corona-Zeiten 2020\" data-e-action-hash=\"#elementor-action%3Aaction%3Dlightbox%26settings%3DeyJpZCI6MzQ4NywidXJsIjoiaHR0cHM6XC9cL2FubmV0dGUtd2ViZXItYWxsZW5kb3JmLmNvbVwvd3AtY29udGVudFwvdXBsb2Fkc1wvMjAyMlwvMDdcL01hbGVyZWktaW4tQ29yb25hLVplaXRlbi0yMDIwLXJvdGF0ZWQuanBnIn0%3D\">\n\t\t\t\t\t\t\t<img decoding=\"async\" src=\"https:\/\/annette-weber-allendorf.com\/wp-content\/uploads\/elementor\/thumbs\/Malerei-in-Corona-Zeiten-2020-rotated-psfabycrqdr6vki51mnvf40b7a2n8vu1inma2xmbaw.jpg\" title=\"Malerei in Corona-Zeiten 2020\" alt=\"Malerei in Corona-Zeiten 2020\" class=\"elementor-animation-shrink\" loading=\"lazy\" \/>\t\t\t\t\t\t\t\t<\/a>\n\t\t\t\t\t\t\t\t\t\t\t<figcaption class=\"widget-image-caption wp-caption-text\">Malerei in Corona-Zeiten 2020<\/figcaption>\n\t\t\t\t\t\t\t\t\t\t<\/figure>\n\t\t\t\t\t\t\t\t\t<\/div>\n\t\t\t\t<div class=\"elementor-element elementor-element-9fd254a elementor-widget elementor-widget-image\" data-id=\"9fd254a\" data-element_type=\"widget\" data-e-type=\"widget\" data-widget_type=\"image.default\">\n\t\t\t\t\t\t\t\t\t\t\t\t<figure class=\"wp-caption\">\n\t\t\t\t\t\t\t\t\t\t\t<a href=\"https:\/\/annette-weber-allendorf.com\/wp-content\/uploads\/2022\/07\/Portrait-Vollmoeller-Pastell-70x50-Museum-Langenargen.jpg\" data-elementor-open-lightbox=\"yes\" data-elementor-lightbox-title=\"Portrait Vollmoeller, Pastell, 70x50, Museum Langenargen\" data-e-action-hash=\"#elementor-action%3Aaction%3Dlightbox%26settings%3DeyJpZCI6MzU2NSwidXJsIjoiaHR0cHM6XC9cL2FubmV0dGUtd2ViZXItYWxsZW5kb3JmLmNvbVwvd3AtY29udGVudFwvdXBsb2Fkc1wvMjAyMlwvMDdcL1BvcnRyYWl0LVZvbGxtb2VsbGVyLVBhc3RlbGwtNzB4NTAtTXVzZXVtLUxhbmdlbmFyZ2VuLmpwZyJ9\">\n\t\t\t\t\t\t\t<img decoding=\"async\" src=\"https:\/\/annette-weber-allendorf.com\/wp-content\/uploads\/elementor\/thumbs\/Portrait-Vollmoeller-Pastell-70x50-Museum-Langenargen-psfdq1m3fowjcsi2gh7tteppaur6bgi3kfmk5r4e5c.jpg\" title=\"Portrait Vollmoeller, Pastell, 70&#215;50, Museum Langenargen\" alt=\"Portrait Vollmoeller, Pastell, 70x50, Museum Langenargen\" class=\"elementor-animation-shrink\" loading=\"lazy\" \/>\t\t\t\t\t\t\t\t<\/a>\n\t\t\t\t\t\t\t\t\t\t\t<figcaption class=\"widget-image-caption wp-caption-text\">Portrait Vollmoeller, Pastell, 70x50, 2019, Museum Langenargen<\/figcaption>\n\t\t\t\t\t\t\t\t\t\t<\/figure>\n\t\t\t\t\t\t\t\t\t<\/div>\n\t\t\t\t<div class=\"elementor-element elementor-element-96a72ab elementor-widget elementor-widget-image\" data-id=\"96a72ab\" data-element_type=\"widget\" data-e-type=\"widget\" data-widget_type=\"image.default\">\n\t\t\t\t\t\t\t\t\t\t\t\t<figure class=\"wp-caption\">\n\t\t\t\t\t\t\t\t\t\t\t<a href=\"https:\/\/annette-weber-allendorf.com\/wp-content\/uploads\/2022\/07\/Malerei-archaic-elephant-2019.jpg\" data-elementor-open-lightbox=\"yes\" data-elementor-lightbox-title=\"Malerei archaic elephant 2019\" data-e-action-hash=\"#elementor-action%3Aaction%3Dlightbox%26settings%3DeyJpZCI6MzQ2MSwidXJsIjoiaHR0cHM6XC9cL2FubmV0dGUtd2ViZXItYWxsZW5kb3JmLmNvbVwvd3AtY29udGVudFwvdXBsb2Fkc1wvMjAyMlwvMDdcL01hbGVyZWktYXJjaGFpYy1lbGVwaGFudC0yMDE5LmpwZyJ9\">\n\t\t\t\t\t\t\t<img decoding=\"async\" src=\"https:\/\/annette-weber-allendorf.com\/wp-content\/uploads\/elementor\/thumbs\/Malerei-archaic-elephant-2019-psf9p9j0rcp0mfgmjbl2qc4qzfwofwraqcpc1h9fi0.jpg\" title=\"Malerei archaic elephant 2019\" alt=\"Malerei archaic elephant 2019\" class=\"elementor-animation-shrink\" loading=\"lazy\" \/>\t\t\t\t\t\t\t\t<\/a>\n\t\t\t\t\t\t\t\t\t\t\t<figcaption class=\"widget-image-caption wp-caption-text\">archaic elephant, Acryl, 40x50, 2019<\/figcaption>\n\t\t\t\t\t\t\t\t\t\t<\/figure>\n\t\t\t\t\t\t\t\t\t<\/div>\n\t\t\t\t<div class=\"elementor-element elementor-element-21ed2a5 elementor-widget elementor-widget-image\" data-id=\"21ed2a5\" data-element_type=\"widget\" data-e-type=\"widget\" data-widget_type=\"image.default\">\n\t\t\t\t\t\t\t\t\t\t\t\t<figure class=\"wp-caption\">\n\t\t\t\t\t\t\t\t\t\t\t<a href=\"https:\/\/annette-weber-allendorf.com\/wp-content\/uploads\/2021\/05\/Algenschloss_-Annette-Weber-1.jpg\" data-elementor-open-lightbox=\"yes\" data-elementor-lightbox-title=\"Algenschloss, Kreide+Lehmfarben, 70x100, 2019\" data-e-action-hash=\"#elementor-action%3Aaction%3Dlightbox%26settings%3DeyJpZCI6MTIxOSwidXJsIjoiaHR0cHM6XC9cL2FubmV0dGUtd2ViZXItYWxsZW5kb3JmLmNvbVwvd3AtY29udGVudFwvdXBsb2Fkc1wvMjAyMVwvMDVcL0FsZ2Vuc2NobG9zc18tQW5uZXR0ZS1XZWJlci0xLmpwZyJ9\">\n\t\t\t\t\t\t\t<img decoding=\"async\" src=\"https:\/\/annette-weber-allendorf.com\/wp-content\/uploads\/elementor\/thumbs\/Algenschloss_-Annette-Weber-1-p7adbnawb92ohom0p4vqv96c5ws5o0egcgh3ywt38s.jpg\" title=\"Algenschloss, Kreide+Lehmfarben, 70&#215;100, 2019\" alt=\"Algenschloss, Kreide+Lehmfarben, 70x100, 2019\" class=\"elementor-animation-shrink\" loading=\"lazy\" \/>\t\t\t\t\t\t\t\t<\/a>\n\t\t\t\t\t\t\t\t\t\t\t<figcaption class=\"widget-image-caption wp-caption-text\">Algenschloss, Kreide+Lehmfarben, 70x100, 2019<\/figcaption>\n\t\t\t\t\t\t\t\t\t\t<\/figure>\n\t\t\t\t\t\t\t\t\t<\/div>\n\t\t\t\t<div class=\"elementor-element elementor-element-33653f3 elementor-widget elementor-widget-image\" data-id=\"33653f3\" data-element_type=\"widget\" data-e-type=\"widget\" data-widget_type=\"image.default\">\n\t\t\t\t\t\t\t\t\t\t\t\t<figure class=\"wp-caption\">\n\t\t\t\t\t\t\t\t\t\t\t<a href=\"https:\/\/annette-weber-allendorf.com\/wp-content\/uploads\/2022\/07\/archaic-esel-Malerei.jpg\" data-elementor-open-lightbox=\"yes\" data-elementor-lightbox-title=\"archaic esel\" data-e-action-hash=\"#elementor-action%3Aaction%3Dlightbox%26settings%3DeyJpZCI6MzM4MCwidXJsIjoiaHR0cHM6XC9cL2FubmV0dGUtd2ViZXItYWxsZW5kb3JmLmNvbVwvd3AtY29udGVudFwvdXBsb2Fkc1wvMjAyMlwvMDdcL2FyY2hhaWMtZXNlbC1NYWxlcmVpLmpwZyJ9\">\n\t\t\t\t\t\t\t<img decoding=\"async\" src=\"https:\/\/annette-weber-allendorf.com\/wp-content\/uploads\/elementor\/thumbs\/archaic-esel-Malerei-psf6ci7gqlepqsvs6qg8oyww54sdgmbicvpei63pg4.jpg\" title=\"archaic esel\" alt=\"archaic esel\" class=\"elementor-animation-shrink\" loading=\"lazy\" \/>\t\t\t\t\t\t\t\t<\/a>\n\t\t\t\t\t\t\t\t\t\t\t<figcaption class=\"widget-image-caption wp-caption-text\">archaic esel<\/figcaption>\n\t\t\t\t\t\t\t\t\t\t<\/figure>\n\t\t\t\t\t\t\t\t\t<\/div>\n\t\t\t\t<div class=\"elementor-element elementor-element-f99d2ca elementor-widget elementor-widget-image\" data-id=\"f99d2ca\" data-element_type=\"widget\" data-e-type=\"widget\" data-widget_type=\"image.default\">\n\t\t\t\t\t\t\t\t\t\t\t\t<figure class=\"wp-caption\">\n\t\t\t\t\t\t\t\t\t\t\t<a href=\"https:\/\/annette-weber-allendorf.com\/wp-content\/uploads\/2022\/07\/Portrait-Henny-2018-Aquarell-45-x-60-cm.jpg\" data-elementor-open-lightbox=\"yes\" data-elementor-lightbox-title=\"Portrait Henny, 2018, Aquarell, 45 x 60 cm\" data-e-action-hash=\"#elementor-action%3Aaction%3Dlightbox%26settings%3DeyJpZCI6MzEzMCwidXJsIjoiaHR0cHM6XC9cL2FubmV0dGUtd2ViZXItYWxsZW5kb3JmLmNvbVwvd3AtY29udGVudFwvdXBsb2Fkc1wvMjAyMlwvMDdcL1BvcnRyYWl0LUhlbm55LTIwMTgtQXF1YXJlbGwtNDUteC02MC1jbS5qcGcifQ%3D%3D\">\n\t\t\t\t\t\t\t<img decoding=\"async\" src=\"https:\/\/annette-weber-allendorf.com\/wp-content\/uploads\/elementor\/thumbs\/Portrait-Henny-2018-Aquarell-45-x-60-cm-ps3chi2kvlj3dxys747wwjqm5gf6aes05ckst143gc.jpg\" title=\"Portrait Henny, 2018, Aquarell, 45 x 60 cm\" alt=\"Portrait Henny, 2018, Aquarell, 45 x 60 cm\" class=\"elementor-animation-shrink\" loading=\"lazy\" \/>\t\t\t\t\t\t\t\t<\/a>\n\t\t\t\t\t\t\t\t\t\t\t<figcaption class=\"widget-image-caption wp-caption-text\">Portrait Henny, Aquarell, 45 x 60 cm, 2018<\/figcaption>\n\t\t\t\t\t\t\t\t\t\t<\/figure>\n\t\t\t\t\t\t\t\t\t<\/div>\n\t\t\t\t<div class=\"elementor-element elementor-element-eb7b0f6 elementor-widget elementor-widget-image\" data-id=\"eb7b0f6\" data-element_type=\"widget\" data-e-type=\"widget\" data-widget_type=\"image.default\">\n\t\t\t\t\t\t\t\t\t\t\t\t<figure class=\"wp-caption\">\n\t\t\t\t\t\t\t\t\t\t\t<a href=\"https:\/\/annette-weber-allendorf.com\/?page_id=2385\">\n\t\t\t\t\t\t\t<img decoding=\"async\" src=\"https:\/\/annette-weber-allendorf.com\/wp-content\/uploads\/elementor\/thumbs\/Button-Matilde-in-yoga-scaled-pry2n0melejsfxi4kowwo0hborc1n6tzg4lktqvtyo.jpg\" title=\"Button Matilde in yoga\" alt=\"Button Matilde in yoga\" class=\"elementor-animation-shrink\" loading=\"lazy\" \/>\t\t\t\t\t\t\t\t<\/a>\n\t\t\t\t\t\t\t\t\t\t\t<figcaption class=\"widget-image-caption wp-caption-text\">Mathilde in den Kindern,  Farbcollage, Kunstpark Langenargen    <\/figcaption>\n\t\t\t\t\t\t\t\t\t\t<\/figure>\n\t\t\t\t\t\t\t\t\t<\/div>\n\t\t\t\t<div class=\"elementor-element elementor-element-0783d7c elementor-widget elementor-widget-image\" data-id=\"0783d7c\" data-element_type=\"widget\" data-e-type=\"widget\" data-widget_type=\"image.default\">\n\t\t\t\t\t\t\t\t\t\t\t\t<figure class=\"wp-caption\">\n\t\t\t\t\t\t\t\t\t\t\t<a href=\"https:\/\/annette-weber-allendorf.com\/wp-content\/uploads\/2021\/05\/IMG_1138.jpg\" data-elementor-open-lightbox=\"yes\" data-elementor-lightbox-title=\"drei Br\u00fccken, Lehmfarben, 80\u00d7100, 2015\" data-e-action-hash=\"#elementor-action%3Aaction%3Dlightbox%26settings%3DeyJpZCI6MTIyMSwidXJsIjoiaHR0cHM6XC9cL2FubmV0dGUtd2ViZXItYWxsZW5kb3JmLmNvbVwvd3AtY29udGVudFwvdXBsb2Fkc1wvMjAyMVwvMDVcL0lNR18xMTM4LmpwZyJ9\">\n\t\t\t\t\t\t\t<img decoding=\"async\" src=\"https:\/\/annette-weber-allendorf.com\/wp-content\/uploads\/elementor\/thumbs\/IMG_1138-p7addnogx21yvfq2w5fahv45ol9jqc1q1wt9b3bbro.jpg\" title=\"drei Br\u00fccken, Lehmfarben, 80\u00d7100, 2015\" alt=\"drei Br\u00fccken, Lehmfarben, 80\u00d7100, 2015\" class=\"elementor-animation-shrink\" loading=\"lazy\" \/>\t\t\t\t\t\t\t\t<\/a>\n\t\t\t\t\t\t\t\t\t\t\t<figcaption class=\"widget-image-caption wp-caption-text\">drei Br\u00fccken, Lehmfarben, 80\u00d7100, 2015<\/figcaption>\n\t\t\t\t\t\t\t\t\t\t<\/figure>\n\t\t\t\t\t\t\t\t\t<\/div>\n\t\t\t\t\t<\/div>\n\t\t\t\t<\/div>\n\t\t<div class=\"elementor-element elementor-element-2365273 e-flex e-con-boxed e-con e-parent\" data-id=\"2365273\" data-element_type=\"container\" data-e-type=\"container\">\n\t\t\t\t\t<div class=\"e-con-inner\">\n\t\t\t\t<div class=\"elementor-element elementor-element-ee63481 elementor-widget elementor-widget-image\" data-id=\"ee63481\" data-element_type=\"widget\" data-e-type=\"widget\" data-widget_type=\"image.default\">\n\t\t\t\t\t\t\t\t\t\t\t\t<figure class=\"wp-caption\">\n\t\t\t\t\t\t\t\t\t\t\t<a href=\"https:\/\/annette-weber-allendorf.com\/wp-content\/uploads\/2024\/03\/sie-war-kein-braves-Maedchen-2023-40-x-50-cm-clay-on-canvas-1.jpg\" data-elementor-open-lightbox=\"yes\" data-elementor-lightbox-title=\"sie war (k)ein braves M\u00e4dchen, 2023, 40 x 50 cm, clay on canvas\" data-e-action-hash=\"#elementor-action%3Aaction%3Dlightbox%26settings%3DeyJpZCI6NDI3OCwidXJsIjoiaHR0cHM6XC9cL2FubmV0dGUtd2ViZXItYWxsZW5kb3JmLmNvbVwvd3AtY29udGVudFwvdXBsb2Fkc1wvMjAyNFwvMDNcL3NpZS13YXIta2Vpbi1icmF2ZXMtTWFlZGNoZW4tMjAyMy00MC14LTUwLWNtLWNsYXktb24tY2FudmFzLTEud2VicCJ9\">\n\t\t\t\t\t\t\t<img decoding=\"async\" src=\"https:\/\/annette-weber-allendorf.com\/wp-content\/uploads\/elementor\/thumbs\/sie-war-kein-braves-Maedchen-2023-40-x-50-cm-clay-on-canvas-1-qq8bw0kaqnbjzq7ggwh64vat449xi2knqd1aynqbh0.webp\" title=\"sie war (k)ein braves M\u00e4dchen, 2023, 40 x 50 cm, clay on canvas\" alt=\"sie war (k)ein braves M\u00e4dchen, 2023, 40 x 50 cm, clay on canvas\" class=\"elementor-animation-shrink\" loading=\"lazy\" \/>\t\t\t\t\t\t\t\t<\/a>\n\t\t\t\t\t\t\t\t\t\t\t<figcaption class=\"widget-image-caption wp-caption-text\">sie war (k)ein braves M\u00e4dchen 2023 40 x 50 clay on canvas<\/figcaption>\n\t\t\t\t\t\t\t\t\t\t<\/figure>\n\t\t\t\t\t\t\t\t\t<\/div>\n\t\t\t\t<div class=\"elementor-element elementor-element-0d767d8 elementor-widget elementor-widget-image\" data-id=\"0d767d8\" data-element_type=\"widget\" data-e-type=\"widget\" data-widget_type=\"image.default\">\n\t\t\t\t\t\t\t\t\t\t\t\t<figure class=\"wp-caption\">\n\t\t\t\t\t\t\t\t\t\t\t<a href=\"https:\/\/annette-weber-allendorf.com\/wp-content\/uploads\/2024\/03\/LA-Bruecken-32x24-Handkolorierter-Druck-auf-Bueten-2024-scaled.jpg\" data-elementor-open-lightbox=\"yes\" data-elementor-lightbox-title=\"LA Br\u00fccken, 32x24 Handkolorierter Druck auf B\u00fcten, 2024\" data-e-action-hash=\"#elementor-action%3Aaction%3Dlightbox%26settings%3DeyJpZCI6NDIxMiwidXJsIjoiaHR0cHM6XC9cL2FubmV0dGUtd2ViZXItYWxsZW5kb3JmLmNvbVwvd3AtY29udGVudFwvdXBsb2Fkc1wvMjAyNFwvMDNcL0xBLUJydWVja2VuLTMyeDI0LUhhbmRrb2xvcmllcnRlci1EcnVjay1hdWYtQnVldGVuLTIwMjQtc2NhbGVkLndlYnAifQ%3D%3D\">\n\t\t\t\t\t\t\t<img decoding=\"async\" src=\"https:\/\/annette-weber-allendorf.com\/wp-content\/uploads\/elementor\/thumbs\/LA-Bruecken-32x24-Handkolorierter-Druck-auf-Bueten-2024-scaled-qq8c2wpouwr94s707vqof4ohxuaty5xsoh9hnpiduc.webp\" title=\"LA Br\u00fccken, 32&#215;24 Handkolorierter Druck auf B\u00fcten, 2024\" alt=\"LA Br\u00fccken, 32x24 Handkolorierter Druck auf B\u00fcten, 2024\" class=\"elementor-animation-shrink\" loading=\"lazy\" \/>\t\t\t\t\t\t\t\t<\/a>\n\t\t\t\t\t\t\t\t\t\t\t<figcaption class=\"widget-image-caption wp-caption-text\">LA Br\u00fccken 2024 32x24 Handkolorierter B\u00fctendruck<\/figcaption>\n\t\t\t\t\t\t\t\t\t\t<\/figure>\n\t\t\t\t\t\t\t\t\t<\/div>\n\t\t\t\t<div class=\"elementor-element elementor-element-4d57c35 elementor-widget elementor-widget-image\" data-id=\"4d57c35\" data-element_type=\"widget\" data-e-type=\"widget\" data-widget_type=\"image.default\">\n\t\t\t\t\t\t\t\t\t\t\t\t<figure class=\"wp-caption\">\n\t\t\t\t\t\t\t\t\t\t\t<a href=\"https:\/\/annette-weber-allendorf.com\/?page_id=4088\">\n\t\t\t\t\t\t\t<img decoding=\"async\" src=\"https:\/\/annette-weber-allendorf.com\/wp-content\/uploads\/elementor\/thumbs\/IMG_8655-qe320kjuqpjv8ue0wzoqc0oujn4yvuatoxqo9giavo.jpeg\" title=\"IMG_8655\" alt=\"IMG_8655\" class=\"elementor-animation-shrink\" loading=\"lazy\" \/>\t\t\t\t\t\t\t\t<\/a>\n\t\t\t\t\t\t\t\t\t\t\t<figcaption class=\"widget-image-caption wp-caption-text\">ohne Titel<\/figcaption>\n\t\t\t\t\t\t\t\t\t\t<\/figure>\n\t\t\t\t\t\t\t\t\t<\/div>\n\t\t\t\t<div class=\"elementor-element elementor-element-4cdb621 elementor-widget elementor-widget-image\" data-id=\"4cdb621\" data-element_type=\"widget\" data-e-type=\"widget\" data-widget_type=\"image.default\">\n\t\t\t\t\t\t\t\t\t\t\t\t<figure class=\"wp-caption\">\n\t\t\t\t\t\t\t\t\t\t\t<a href=\"https:\/\/annette-weber-allendorf.com\/?page_id=4060\">\n\t\t\t\t\t\t\t<img decoding=\"async\" src=\"https:\/\/annette-weber-allendorf.com\/wp-content\/uploads\/elementor\/thumbs\/IMG_0670-scaled-qiol7n8nyqf4hk18488aeul94qrzg1sob6547558k4.jpg\" title=\"IMG_0670\" alt=\"IMG_0670\" class=\"elementor-animation-shrink\" loading=\"lazy\" \/>\t\t\t\t\t\t\t\t<\/a>\n\t\t\t\t\t\t\t\t\t\t\t<figcaption class=\"widget-image-caption wp-caption-text\">stierk\u00e4mpft 2023 29,5x21 Papier<\/figcaption>\n\t\t\t\t\t\t\t\t\t\t<\/figure>\n\t\t\t\t\t\t\t\t\t<\/div>\n\t\t\t\t<div class=\"elementor-element elementor-element-2a78925 elementor-widget elementor-widget-image\" data-id=\"2a78925\" data-element_type=\"widget\" data-e-type=\"widget\" data-widget_type=\"image.default\">\n\t\t\t\t\t\t\t\t\t\t\t\t<figure class=\"wp-caption\">\n\t\t\t\t\t\t\t\t\t\t\t<a href=\"https:\/\/annette-weber-allendorf.com\/wp-content\/uploads\/2023\/10\/die-Droste-glueht-2023-70-x-77-cm-Malerei-auf-Siebdruckrahmen-scaled.jpg\" data-elementor-open-lightbox=\"yes\" data-elementor-lightbox-title=\"die Droste gl\u00fcht, 2023, 70 x 77 cm, Malerei auf Siebdruckrahmen\" data-e-action-hash=\"#elementor-action%3Aaction%3Dlightbox%26settings%3DeyJpZCI6Mzk5MywidXJsIjoiaHR0cHM6XC9cL2FubmV0dGUtd2ViZXItYWxsZW5kb3JmLmNvbVwvd3AtY29udGVudFwvdXBsb2Fkc1wvMjAyM1wvMTBcL2RpZS1Ecm9zdGUtZ2x1ZWh0LTIwMjMtNzAteC03Ny1jbS1NYWxlcmVpLWF1Zi1TaWViZHJ1Y2tyYWhtZW4tc2NhbGVkLmpwZyJ9\">\n\t\t\t\t\t\t\t<img decoding=\"async\" src=\"https:\/\/annette-weber-allendorf.com\/wp-content\/uploads\/elementor\/thumbs\/die-Droste-glueht-2023-70-x-77-cm-Malerei-auf-Siebdruckrahmen-scaled-qe34pft3225nq5ol9v2makoyf5oq4wuzoe22q0vpn8.jpg\" title=\"die Droste gl\u00fcht, 2023, 70 x 77 cm, Malerei auf Siebdruckrahmen\" alt=\"die Droste gl\u00fcht, 2023, 70 x 77 cm, Malerei auf Siebdruckrahmen\" class=\"elementor-animation-shrink\" loading=\"lazy\" \/>\t\t\t\t\t\t\t\t<\/a>\n\t\t\t\t\t\t\t\t\t\t\t<figcaption class=\"widget-image-caption wp-caption-text\">die Dorste gl\u00fcht, 2023, 70x77, Malerei auf Siebdruckrahmen<\/figcaption>\n\t\t\t\t\t\t\t\t\t\t<\/figure>\n\t\t\t\t\t\t\t\t\t<\/div>\n\t\t\t\t<div class=\"elementor-element elementor-element-e5d05b0 elementor-widget elementor-widget-image\" data-id=\"e5d05b0\" data-element_type=\"widget\" data-e-type=\"widget\" data-widget_type=\"image.default\">\n\t\t\t\t\t\t\t\t\t\t\t\t<figure class=\"wp-caption\">\n\t\t\t\t\t\t\t\t\t\t\t<a href=\"https:\/\/annette-weber-allendorf.com\/wp-content\/uploads\/2024\/03\/angekommen-2023-100x75-1-scaled.jpg\" data-elementor-open-lightbox=\"yes\" data-elementor-lightbox-title=\"angekommen 2023 100x75\" data-e-action-hash=\"#elementor-action%3Aaction%3Dlightbox%26settings%3DeyJpZCI6NDEzNiwidXJsIjoiaHR0cHM6XC9cL2FubmV0dGUtd2ViZXItYWxsZW5kb3JmLmNvbVwvd3AtY29udGVudFwvdXBsb2Fkc1wvMjAyNFwvMDNcL2FuZ2Vrb21tZW4tMjAyMy0xMDB4NzUtMS1zY2FsZWQuanBnIn0%3D\">\n\t\t\t\t\t\t\t<img decoding=\"async\" src=\"https:\/\/annette-weber-allendorf.com\/wp-content\/uploads\/elementor\/thumbs\/angekommen-2023-100x75-1-scaled-ql1zh7z1y079yahn5znxv9atmst4317yuifmoubxck.jpg\" title=\"angekommen 2023 100&#215;75\" alt=\"angekommen 2023 100x75\" class=\"elementor-animation-shrink\" loading=\"lazy\" \/>\t\t\t\t\t\t\t\t<\/a>\n\t\t\t\t\t\t\t\t\t\t\t<figcaption class=\"widget-image-caption wp-caption-text\">angekommen, 2023, 100x75<\/figcaption>\n\t\t\t\t\t\t\t\t\t\t<\/figure>\n\t\t\t\t\t\t\t\t\t<\/div>\n\t\t\t\t<div class=\"elementor-element elementor-element-4e6ee10 elementor-widget elementor-widget-image\" data-id=\"4e6ee10\" data-element_type=\"widget\" data-e-type=\"widget\" data-widget_type=\"image.default\">\n\t\t\t\t\t\t\t\t\t\t\t\t<figure class=\"wp-caption\">\n\t\t\t\t\t\t\t\t\t\t\t<a href=\"https:\/\/annette-weber-allendorf.com\/wp-content\/uploads\/2023\/10\/Erwachen-2022-160x200-Tusche-Lehm-scaled.jpg\" data-elementor-open-lightbox=\"yes\" data-elementor-lightbox-title=\"Erwachen 2022 160x200 Tusche Lehm\" data-e-action-hash=\"#elementor-action%3Aaction%3Dlightbox%26settings%3DeyJpZCI6NDAwMiwidXJsIjoiaHR0cHM6XC9cL2FubmV0dGUtd2ViZXItYWxsZW5kb3JmLmNvbVwvd3AtY29udGVudFwvdXBsb2Fkc1wvMjAyM1wvMTBcL0Vyd2FjaGVuLTIwMjItMTYweDIwMC1UdXNjaGUtTGVobS1zY2FsZWQuanBnIn0%3D\">\n\t\t\t\t\t\t\t<img decoding=\"async\" src=\"https:\/\/annette-weber-allendorf.com\/wp-content\/uploads\/elementor\/thumbs\/Erwachen-2022-160x200-Tusche-Lehm-scaled-qe351qj2h0zpmhtigofweyz27n2lucokd9brrcna8k.jpg\" title=\"Erwachen 2022 160&#215;200 Tusche Lehm\" alt=\"Erwachen 2022 160x200 Tusche Lehm\" class=\"elementor-animation-shrink\" loading=\"lazy\" \/>\t\t\t\t\t\t\t\t<\/a>\n\t\t\t\t\t\t\t\t\t\t\t<figcaption class=\"widget-image-caption wp-caption-text\">erwachen 2022 160x200 Tusche Lehm<\/figcaption>\n\t\t\t\t\t\t\t\t\t\t<\/figure>\n\t\t\t\t\t\t\t\t\t<\/div>\n\t\t\t\t<div class=\"elementor-element elementor-element-b9a9562 elementor-widget elementor-widget-image\" data-id=\"b9a9562\" data-element_type=\"widget\" data-e-type=\"widget\" data-widget_type=\"image.default\">\n\t\t\t\t\t\t\t\t\t\t\t\t<figure class=\"wp-caption\">\n\t\t\t\t\t\t\t\t\t\t\t<a href=\"https:\/\/annette-weber-allendorf.com\/wp-content\/uploads\/2023\/10\/Frei-2023-160x200-Lehmmalerei-scaled.jpg\" data-elementor-open-lightbox=\"yes\" data-elementor-lightbox-title=\"Frei, 2023, 160x200, Lehmmalerei\" data-e-action-hash=\"#elementor-action%3Aaction%3Dlightbox%26settings%3DeyJpZCI6NDAwNiwidXJsIjoiaHR0cHM6XC9cL2FubmV0dGUtd2ViZXItYWxsZW5kb3JmLmNvbVwvd3AtY29udGVudFwvdXBsb2Fkc1wvMjAyM1wvMTBcL0ZyZWktMjAyMy0xNjB4MjAwLUxlaG1tYWxlcmVpLXNjYWxlZC5qcGcifQ%3D%3D\">\n\t\t\t\t\t\t\t<img decoding=\"async\" src=\"https:\/\/annette-weber-allendorf.com\/wp-content\/uploads\/elementor\/thumbs\/Frei-2023-160x200-Lehmmalerei-scaled-qe35418v6g4y06hd1o72ie3mhjqwnpsy0mqhzp8n10.jpg\" title=\"Frei, 2023, 160&#215;200, Lehmmalerei\" alt=\"Frei, 2023, 160x200, Lehmmalerei\" class=\"elementor-animation-shrink\" loading=\"lazy\" \/>\t\t\t\t\t\t\t\t<\/a>\n\t\t\t\t\t\t\t\t\t\t\t<figcaption class=\"widget-image-caption wp-caption-text\">frei, 2023, 160x200, Lehmmalerei<\/figcaption>\n\t\t\t\t\t\t\t\t\t\t<\/figure>\n\t\t\t\t\t\t\t\t\t<\/div>\n\t\t\t\t<div class=\"elementor-element elementor-element-8c6f6af elementor-widget elementor-widget-image\" data-id=\"8c6f6af\" data-element_type=\"widget\" data-e-type=\"widget\" data-widget_type=\"image.default\">\n\t\t\t\t\t\t\t\t\t\t\t\t<figure class=\"wp-caption\">\n\t\t\t\t\t\t\t\t\t\t\t<a href=\"https:\/\/annette-weber-allendorf.com\/wp-content\/uploads\/2022\/10\/Ukrai-leben-2022.jpg\">\n\t\t\t\t\t\t\t<img decoding=\"async\" src=\"https:\/\/annette-weber-allendorf.com\/wp-content\/uploads\/2022\/07\/Ukraine-2021.jpg\" title=\"\" alt=\"\" class=\"elementor-animation-shrink\" loading=\"lazy\" \/>\t\t\t\t\t\t\t\t<\/a>\n\t\t\t\t\t\t\t\t\t\t\t<figcaption class=\"widget-image-caption wp-caption-text\">ukrai (leben), mixed media 100x200, 2022<\/figcaption>\n\t\t\t\t\t\t\t\t\t\t<\/figure>\n\t\t\t\t\t\t\t\t\t<\/div>\n\t\t\t\t<div class=\"elementor-element elementor-element-05bed06 elementor-widget elementor-widget-image\" data-id=\"05bed06\" data-element_type=\"widget\" data-e-type=\"widget\" data-widget_type=\"image.default\">\n\t\t\t\t\t\t\t\t\t\t\t\t<figure class=\"wp-caption\">\n\t\t\t\t\t\t\t\t\t\t\t<a href=\"https:\/\/annette-weber-allendorf.com\/wp-content\/uploads\/2022\/07\/IMG_7330.jpg\" data-elementor-open-lightbox=\"yes\" data-elementor-lightbox-title=\"Esel, Lehmfarben, 160 x 200, 2022\" data-e-action-hash=\"#elementor-action%3Aaction%3Dlightbox%26settings%3DeyJpZCI6MzExMiwidXJsIjoiaHR0cHM6XC9cL2FubmV0dGUtd2ViZXItYWxsZW5kb3JmLmNvbVwvd3AtY29udGVudFwvdXBsb2Fkc1wvMjAyMlwvMDdcL0lNR183MzMwLmpwZyJ9\">\n\t\t\t\t\t\t\t<img decoding=\"async\" src=\"https:\/\/annette-weber-allendorf.com\/wp-content\/uploads\/elementor\/thumbs\/IMG_7330-ps35vgg031ncogecvn9sf0f5xp9ko0rztnd6gdje6s.jpg\" title=\"Esel, Lehmfarben, 160 x 200, 2022\" alt=\"Esel, Lehmfarben, 160 x 200, 2022\" class=\"elementor-animation-shrink\" loading=\"lazy\" \/>\t\t\t\t\t\t\t\t<\/a>\n\t\t\t\t\t\t\t\t\t\t\t<figcaption class=\"widget-image-caption wp-caption-text\">Esel, Lehmfarben, 160x200, 2022<\/figcaption>\n\t\t\t\t\t\t\t\t\t\t<\/figure>\n\t\t\t\t\t\t\t\t\t<\/div>\n\t\t\t\t<div class=\"elementor-element elementor-element-41bf6b9 elementor-widget elementor-widget-image\" data-id=\"41bf6b9\" data-element_type=\"widget\" data-e-type=\"widget\" data-widget_type=\"image.default\">\n\t\t\t\t\t\t\t\t\t\t\t\t<figure class=\"wp-caption\">\n\t\t\t\t\t\t\t\t\t\t\t<a href=\"https:\/\/annette-weber-allendorf.com\/wp-content\/uploads\/2022\/07\/Malerei-in-Corona-Zeiten-2020-rotated.jpg\" data-elementor-open-lightbox=\"yes\" data-elementor-lightbox-title=\"Malerei in Corona-Zeiten 2020\" data-e-action-hash=\"#elementor-action%3Aaction%3Dlightbox%26settings%3DeyJpZCI6MzQ4NywidXJsIjoiaHR0cHM6XC9cL2FubmV0dGUtd2ViZXItYWxsZW5kb3JmLmNvbVwvd3AtY29udGVudFwvdXBsb2Fkc1wvMjAyMlwvMDdcL01hbGVyZWktaW4tQ29yb25hLVplaXRlbi0yMDIwLXJvdGF0ZWQuanBnIn0%3D\">\n\t\t\t\t\t\t\t<img decoding=\"async\" src=\"https:\/\/annette-weber-allendorf.com\/wp-content\/uploads\/elementor\/thumbs\/Malerei-in-Corona-Zeiten-2020-rotated-psfabycrqdr6vki51mnvf40b7a2n8vu1inma2xmbaw.jpg\" title=\"Malerei in Corona-Zeiten 2020\" alt=\"Malerei in Corona-Zeiten 2020\" class=\"elementor-animation-shrink\" loading=\"lazy\" \/>\t\t\t\t\t\t\t\t<\/a>\n\t\t\t\t\t\t\t\t\t\t\t<figcaption class=\"widget-image-caption wp-caption-text\">Malerei in Corona-Zeiten 2020<\/figcaption>\n\t\t\t\t\t\t\t\t\t\t<\/figure>\n\t\t\t\t\t\t\t\t\t<\/div>\n\t\t\t\t<div class=\"elementor-element elementor-element-d2032f2 elementor-widget elementor-widget-image\" data-id=\"d2032f2\" data-element_type=\"widget\" data-e-type=\"widget\" data-widget_type=\"image.default\">\n\t\t\t\t\t\t\t\t\t\t\t\t<figure class=\"wp-caption\">\n\t\t\t\t\t\t\t\t\t\t\t<a href=\"https:\/\/annette-weber-allendorf.com\/wp-content\/uploads\/2022\/07\/Portrait-Vollmoeller-Pastell-70x50-Museum-Langenargen.jpg\" data-elementor-open-lightbox=\"yes\" data-elementor-lightbox-title=\"Portrait Vollmoeller, Pastell, 70x50, Museum Langenargen\" data-e-action-hash=\"#elementor-action%3Aaction%3Dlightbox%26settings%3DeyJpZCI6MzU2NSwidXJsIjoiaHR0cHM6XC9cL2FubmV0dGUtd2ViZXItYWxsZW5kb3JmLmNvbVwvd3AtY29udGVudFwvdXBsb2Fkc1wvMjAyMlwvMDdcL1BvcnRyYWl0LVZvbGxtb2VsbGVyLVBhc3RlbGwtNzB4NTAtTXVzZXVtLUxhbmdlbmFyZ2VuLmpwZyJ9\">\n\t\t\t\t\t\t\t<img decoding=\"async\" src=\"https:\/\/annette-weber-allendorf.com\/wp-content\/uploads\/elementor\/thumbs\/Portrait-Vollmoeller-Pastell-70x50-Museum-Langenargen-psfdq1m3fowjcsi2gh7tteppaur6bgi3kfmk5r4e5c.jpg\" title=\"Portrait Vollmoeller, Pastell, 70&#215;50, Museum Langenargen\" alt=\"Portrait Vollmoeller, Pastell, 70x50, Museum Langenargen\" class=\"elementor-animation-shrink\" loading=\"lazy\" \/>\t\t\t\t\t\t\t\t<\/a>\n\t\t\t\t\t\t\t\t\t\t\t<figcaption class=\"widget-image-caption wp-caption-text\">Portrait Vollmoeller, Pastell, 70x50, 2019, Museum Langenargen<\/figcaption>\n\t\t\t\t\t\t\t\t\t\t<\/figure>\n\t\t\t\t\t\t\t\t\t<\/div>\n\t\t\t\t<div class=\"elementor-element elementor-element-90a45e0 elementor-widget elementor-widget-image\" data-id=\"90a45e0\" data-element_type=\"widget\" data-e-type=\"widget\" data-widget_type=\"image.default\">\n\t\t\t\t\t\t\t\t\t\t\t\t<figure class=\"wp-caption\">\n\t\t\t\t\t\t\t\t\t\t\t<a href=\"https:\/\/annette-weber-allendorf.com\/wp-content\/uploads\/2022\/07\/Malerei-archaic-elephant-2019.jpg\" data-elementor-open-lightbox=\"yes\" data-elementor-lightbox-title=\"Malerei archaic elephant 2019\" data-e-action-hash=\"#elementor-action%3Aaction%3Dlightbox%26settings%3DeyJpZCI6MzQ2MSwidXJsIjoiaHR0cHM6XC9cL2FubmV0dGUtd2ViZXItYWxsZW5kb3JmLmNvbVwvd3AtY29udGVudFwvdXBsb2Fkc1wvMjAyMlwvMDdcL01hbGVyZWktYXJjaGFpYy1lbGVwaGFudC0yMDE5LmpwZyJ9\">\n\t\t\t\t\t\t\t<img decoding=\"async\" src=\"https:\/\/annette-weber-allendorf.com\/wp-content\/uploads\/elementor\/thumbs\/Malerei-archaic-elephant-2019-psf9p9j0rcp0mfgmjbl2qc4qzfwofwraqcpc1h9fi0.jpg\" title=\"Malerei archaic elephant 2019\" alt=\"Malerei archaic elephant 2019\" class=\"elementor-animation-shrink\" loading=\"lazy\" \/>\t\t\t\t\t\t\t\t<\/a>\n\t\t\t\t\t\t\t\t\t\t\t<figcaption class=\"widget-image-caption wp-caption-text\">archaic elephant, Acryl, 40x50, 2019<\/figcaption>\n\t\t\t\t\t\t\t\t\t\t<\/figure>\n\t\t\t\t\t\t\t\t\t<\/div>\n\t\t\t\t<div class=\"elementor-element elementor-element-f4f2696 elementor-widget elementor-widget-image\" data-id=\"f4f2696\" data-element_type=\"widget\" data-e-type=\"widget\" data-widget_type=\"image.default\">\n\t\t\t\t\t\t\t\t\t\t\t\t<figure class=\"wp-caption\">\n\t\t\t\t\t\t\t\t\t\t\t<a href=\"https:\/\/annette-weber-allendorf.com\/wp-content\/uploads\/2021\/05\/Algenschloss_-Annette-Weber-1.jpg\" data-elementor-open-lightbox=\"yes\" data-elementor-lightbox-title=\"Algenschloss, Kreide+Lehmfarben, 70x100, 2019\" data-e-action-hash=\"#elementor-action%3Aaction%3Dlightbox%26settings%3DeyJpZCI6MTIxOSwidXJsIjoiaHR0cHM6XC9cL2FubmV0dGUtd2ViZXItYWxsZW5kb3JmLmNvbVwvd3AtY29udGVudFwvdXBsb2Fkc1wvMjAyMVwvMDVcL0FsZ2Vuc2NobG9zc18tQW5uZXR0ZS1XZWJlci0xLmpwZyJ9\">\n\t\t\t\t\t\t\t<img decoding=\"async\" src=\"https:\/\/annette-weber-allendorf.com\/wp-content\/uploads\/elementor\/thumbs\/Algenschloss_-Annette-Weber-1-p7adbnawb92ohom0p4vqv96c5ws5o0egcgh3ywt38s.jpg\" title=\"Algenschloss, Kreide+Lehmfarben, 70&#215;100, 2019\" alt=\"Algenschloss, Kreide+Lehmfarben, 70x100, 2019\" class=\"elementor-animation-shrink\" loading=\"lazy\" \/>\t\t\t\t\t\t\t\t<\/a>\n\t\t\t\t\t\t\t\t\t\t\t<figcaption class=\"widget-image-caption wp-caption-text\">Algenschloss, Kreide+Lehmfarben, 70x100, 2019<\/figcaption>\n\t\t\t\t\t\t\t\t\t\t<\/figure>\n\t\t\t\t\t\t\t\t\t<\/div>\n\t\t\t\t<div class=\"elementor-element elementor-element-e8e8fd1 elementor-widget elementor-widget-image\" data-id=\"e8e8fd1\" data-element_type=\"widget\" data-e-type=\"widget\" data-widget_type=\"image.default\">\n\t\t\t\t\t\t\t\t\t\t\t\t<figure class=\"wp-caption\">\n\t\t\t\t\t\t\t\t\t\t\t<a href=\"https:\/\/annette-weber-allendorf.com\/wp-content\/uploads\/2022\/07\/archaic-esel-Malerei.jpg\" data-elementor-open-lightbox=\"yes\" data-elementor-lightbox-title=\"archaic esel\" data-e-action-hash=\"#elementor-action%3Aaction%3Dlightbox%26settings%3DeyJpZCI6MzM4MCwidXJsIjoiaHR0cHM6XC9cL2FubmV0dGUtd2ViZXItYWxsZW5kb3JmLmNvbVwvd3AtY29udGVudFwvdXBsb2Fkc1wvMjAyMlwvMDdcL2FyY2hhaWMtZXNlbC1NYWxlcmVpLmpwZyJ9\">\n\t\t\t\t\t\t\t<img decoding=\"async\" src=\"https:\/\/annette-weber-allendorf.com\/wp-content\/uploads\/elementor\/thumbs\/archaic-esel-Malerei-psf6ci7gqlepqsvs6qg8oyww54sdgmbicvpei63pg4.jpg\" title=\"archaic esel\" alt=\"archaic esel\" class=\"elementor-animation-shrink\" loading=\"lazy\" \/>\t\t\t\t\t\t\t\t<\/a>\n\t\t\t\t\t\t\t\t\t\t\t<figcaption class=\"widget-image-caption wp-caption-text\">archaic esel<\/figcaption>\n\t\t\t\t\t\t\t\t\t\t<\/figure>\n\t\t\t\t\t\t\t\t\t<\/div>\n\t\t\t\t<div class=\"elementor-element elementor-element-12ad541 elementor-widget elementor-widget-image\" data-id=\"12ad541\" data-element_type=\"widget\" data-e-type=\"widget\" data-widget_type=\"image.default\">\n\t\t\t\t\t\t\t\t\t\t\t\t<figure class=\"wp-caption\">\n\t\t\t\t\t\t\t\t\t\t\t<a href=\"https:\/\/annette-weber-allendorf.com\/wp-content\/uploads\/2022\/07\/Portrait-Henny-2018-Aquarell-45-x-60-cm.jpg\" data-elementor-open-lightbox=\"yes\" data-elementor-lightbox-title=\"Portrait Henny, 2018, Aquarell, 45 x 60 cm\" data-e-action-hash=\"#elementor-action%3Aaction%3Dlightbox%26settings%3DeyJpZCI6MzEzMCwidXJsIjoiaHR0cHM6XC9cL2FubmV0dGUtd2ViZXItYWxsZW5kb3JmLmNvbVwvd3AtY29udGVudFwvdXBsb2Fkc1wvMjAyMlwvMDdcL1BvcnRyYWl0LUhlbm55LTIwMTgtQXF1YXJlbGwtNDUteC02MC1jbS5qcGcifQ%3D%3D\">\n\t\t\t\t\t\t\t<img decoding=\"async\" src=\"https:\/\/annette-weber-allendorf.com\/wp-content\/uploads\/elementor\/thumbs\/Portrait-Henny-2018-Aquarell-45-x-60-cm-ps3chi2kvlj3dxys747wwjqm5gf6aes05ckst143gc.jpg\" title=\"Portrait Henny, 2018, Aquarell, 45 x 60 cm\" alt=\"Portrait Henny, 2018, Aquarell, 45 x 60 cm\" class=\"elementor-animation-shrink\" loading=\"lazy\" \/>\t\t\t\t\t\t\t\t<\/a>\n\t\t\t\t\t\t\t\t\t\t\t<figcaption class=\"widget-image-caption wp-caption-text\">Portrait Henny, Aquarell, 45 x 60 cm, 2018<\/figcaption>\n\t\t\t\t\t\t\t\t\t\t<\/figure>\n\t\t\t\t\t\t\t\t\t<\/div>\n\t\t\t\t<div class=\"elementor-element elementor-element-fdd4800 elementor-widget elementor-widget-image\" data-id=\"fdd4800\" data-element_type=\"widget\" data-e-type=\"widget\" data-widget_type=\"image.default\">\n\t\t\t\t\t\t\t\t\t\t\t\t<figure class=\"wp-caption\">\n\t\t\t\t\t\t\t\t\t\t\t<a href=\"https:\/\/annette-weber-allendorf.com\/?page_id=2385\">\n\t\t\t\t\t\t\t<img decoding=\"async\" src=\"https:\/\/annette-weber-allendorf.com\/wp-content\/uploads\/elementor\/thumbs\/Button-Matilde-in-yoga-scaled-pry2n0melejsfxi4kowwo0hborc1n6tzg4lktqvtyo.jpg\" title=\"Button Matilde in yoga\" alt=\"Button Matilde in yoga\" class=\"elementor-animation-shrink\" loading=\"lazy\" \/>\t\t\t\t\t\t\t\t<\/a>\n\t\t\t\t\t\t\t\t\t\t\t<figcaption class=\"widget-image-caption wp-caption-text\">Mathilde in den Kindern,  Farbcollage, Kunstpark Langenargen    <\/figcaption>\n\t\t\t\t\t\t\t\t\t\t<\/figure>\n\t\t\t\t\t\t\t\t\t<\/div>\n\t\t\t\t<div class=\"elementor-element elementor-element-231b8d9 elementor-widget elementor-widget-image\" data-id=\"231b8d9\" data-element_type=\"widget\" data-e-type=\"widget\" data-widget_type=\"image.default\">\n\t\t\t\t\t\t\t\t\t\t\t\t<figure class=\"wp-caption\">\n\t\t\t\t\t\t\t\t\t\t\t<a href=\"https:\/\/annette-weber-allendorf.com\/wp-content\/uploads\/2021\/05\/IMG_1138.jpg\" data-elementor-open-lightbox=\"yes\" data-elementor-lightbox-title=\"drei Br\u00fccken, Lehmfarben, 80\u00d7100, 2015\" data-e-action-hash=\"#elementor-action%3Aaction%3Dlightbox%26settings%3DeyJpZCI6MTIyMSwidXJsIjoiaHR0cHM6XC9cL2FubmV0dGUtd2ViZXItYWxsZW5kb3JmLmNvbVwvd3AtY29udGVudFwvdXBsb2Fkc1wvMjAyMVwvMDVcL0lNR18xMTM4LmpwZyJ9\">\n\t\t\t\t\t\t\t<img decoding=\"async\" src=\"https:\/\/annette-weber-allendorf.com\/wp-content\/uploads\/elementor\/thumbs\/IMG_1138-p7addnogx21yvfq2w5fahv45ol9jqc1q1wt9b3bbro.jpg\" title=\"drei Br\u00fccken, Lehmfarben, 80\u00d7100, 2015\" alt=\"drei Br\u00fccken, Lehmfarben, 80\u00d7100, 2015\" class=\"elementor-animation-shrink\" loading=\"lazy\" \/>\t\t\t\t\t\t\t\t<\/a>\n\t\t\t\t\t\t\t\t\t\t\t<figcaption class=\"widget-image-caption wp-caption-text\">drei Br\u00fccken, Lehmfarben, 80\u00d7100, 2015<\/figcaption>\n\t\t\t\t\t\t\t\t\t\t<\/figure>\n\t\t\t\t\t\t\t\t\t<\/div>\n\t\t\t\t<div class=\"elementor-element elementor-element-7b08d74 elementor-widget elementor-widget-image\" data-id=\"7b08d74\" data-element_type=\"widget\" data-e-type=\"widget\" data-widget_type=\"image.default\">\n\t\t\t\t\t\t\t\t\t\t\t\t<figure class=\"wp-caption\">\n\t\t\t\t\t\t\t\t\t\t\t<a href=\"https:\/\/annette-weber-allendorf.com\/wp-content\/uploads\/2022\/06\/Lamepdusa.jpeg\" data-elementor-open-lightbox=\"yes\" data-elementor-lightbox-title=\"Lampedusa, Kohle+Lehmfarben, 200\u00d7160, 2014, Kunstpark Langenargen\" data-e-action-hash=\"#elementor-action%3Aaction%3Dlightbox%26settings%3DeyJpZCI6MTQ5OCwidXJsIjoiaHR0cHM6XC9cL2FubmV0dGUtd2ViZXItYWxsZW5kb3JmLmNvbVwvd3AtY29udGVudFwvdXBsb2Fkc1wvMjAyMlwvMDZcL0xhbWVwZHVzYS5qcGVnIn0%3D\">\n\t\t\t\t\t\t\t<img decoding=\"async\" src=\"https:\/\/annette-weber-allendorf.com\/wp-content\/uploads\/elementor\/thumbs\/Lamepdusa-pq3iha3rd7u5ferh2u5sh5tx6uaoir7jvbkv46c3ms.jpeg\" title=\"Lampedusa, Kohle+Lehmfarben, 200\u00d7160, 2014, Kunstpark Langenargen\" alt=\"Lampedusa, Kohle+Lehmfarben, 200\u00d7160, 2014, Kunstpark Langenargen\" class=\"elementor-animation-shrink\" loading=\"lazy\" \/>\t\t\t\t\t\t\t\t<\/a>\n\t\t\t\t\t\t\t\t\t\t\t<figcaption class=\"widget-image-caption wp-caption-text\">Lampedusa, Kohle+Lehmfarben, 200\u00d7160, Kunstpark Langenargen, 2014<\/figcaption>\n\t\t\t\t\t\t\t\t\t\t<\/figure>\n\t\t\t\t\t\t\t\t\t<\/div>\n\t\t\t\t\t<\/div>\n\t\t\t\t<\/div>\n\t\t\t\t<\/div>\n\t\t","protected":false},"excerpt":{"rendered":"<p>Geh\u00f6rnte Droste oder die mit den vielen H\u00e4nden (Entwurf ) 2025 40 x 40 cm collagierte Malerei K\u00fcchendorste 2024 14&#215;14 Papier Muttertier collaboration mit Max Weber 2005-25 60&#215;60 cm collagierte Malerei Lehmfarbe auf Leinwand sie war (k)ein braves M\u00e4dchen 2023 40 x 50 clay on canvas LA Br\u00fccken 2024 32&#215;24 Handkolorierter B\u00fctendruck ohne Titel stierk\u00e4mpft [&hellip;]<\/p>\n","protected":false},"author":1,"featured_media":0,"parent":0,"menu_order":6,"comment_status":"closed","ping_status":"closed","template":"","meta":{"ocean_post_layout":"","ocean_both_sidebars_style":"","ocean_both_sidebars_content_width":0,"ocean_both_sidebars_sidebars_width":0,"ocean_sidebar":"0","ocean_second_sidebar":"0","ocean_disable_margins":"enable","ocean_add_body_class":"","ocean_shortcode_before_top_bar":"","ocean_shortcode_after_top_bar":"","ocean_shortcode_before_header":"","ocean_shortcode_after_header":"","ocean_has_shortcode":"","ocean_shortcode_after_title":"","ocean_shortcode_before_footer_widgets":"","ocean_shortcode_after_footer_widgets":"","ocean_shortcode_before_footer_bottom":"","ocean_shortcode_after_footer_bottom":"","ocean_display_top_bar":"default","ocean_display_header":"default","ocean_header_style":"","ocean_center_header_left_menu":"0","ocean_custom_header_template":"0","ocean_custom_logo":0,"ocean_custom_retina_logo":0,"ocean_custom_logo_max_width":0,"ocean_custom_logo_tablet_max_width":0,"ocean_custom_logo_mobile_max_width":0,"ocean_custom_logo_max_height":0,"ocean_custom_logo_tablet_max_height":0,"ocean_custom_logo_mobile_max_height":0,"ocean_header_custom_menu":"0","ocean_menu_typo_font_family":"0","ocean_menu_typo_font_subset":"","ocean_menu_typo_font_size":0,"ocean_menu_typo_font_size_tablet":0,"ocean_menu_typo_font_size_mobile":0,"ocean_menu_typo_font_size_unit":"px","ocean_menu_typo_font_weight":"","ocean_menu_typo_font_weight_tablet":"","ocean_menu_typo_font_weight_mobile":"","ocean_menu_typo_transform":"","ocean_menu_typo_transform_tablet":"","ocean_menu_typo_transform_mobile":"","ocean_menu_typo_line_height":0,"ocean_menu_typo_line_height_tablet":0,"ocean_menu_typo_line_height_mobile":0,"ocean_menu_typo_line_height_unit":"","ocean_menu_typo_spacing":0,"ocean_menu_typo_spacing_tablet":0,"ocean_menu_typo_spacing_mobile":0,"ocean_menu_typo_spacing_unit":"","ocean_menu_link_color":"","ocean_menu_link_color_hover":"","ocean_menu_link_color_active":"","ocean_menu_link_background":"","ocean_menu_link_hover_background":"","ocean_menu_link_active_background":"","ocean_menu_social_links_bg":"","ocean_menu_social_hover_links_bg":"","ocean_menu_social_links_color":"","ocean_menu_social_hover_links_color":"","ocean_disable_title":"default","ocean_disable_heading":"default","ocean_post_title":"","ocean_post_subheading":"","ocean_post_title_style":"","ocean_post_title_background_color":"","ocean_post_title_background":0,"ocean_post_title_bg_image_position":"","ocean_post_title_bg_image_attachment":"","ocean_post_title_bg_image_repeat":"","ocean_post_title_bg_image_size":"","ocean_post_title_height":0,"ocean_post_title_bg_overlay":0.5,"ocean_post_title_bg_overlay_color":"","ocean_disable_breadcrumbs":"default","ocean_breadcrumbs_color":"","ocean_breadcrumbs_separator_color":"","ocean_breadcrumbs_links_color":"","ocean_breadcrumbs_links_hover_color":"","ocean_display_footer_widgets":"default","ocean_display_footer_bottom":"default","ocean_custom_footer_template":"0","omw_enable_modal_window":"enable","footnotes":""},"class_list":["post-189","page","type-page","status-publish","hentry","entry"],"_links":{"self":[{"href":"https:\/\/annette-weber-allendorf.com\/index.php?rest_route=\/wp\/v2\/pages\/189","targetHints":{"allow":["GET"]}}],"collection":[{"href":"https:\/\/annette-weber-allendorf.com\/index.php?rest_route=\/wp\/v2\/pages"}],"about":[{"href":"https:\/\/annette-weber-allendorf.com\/index.php?rest_route=\/wp\/v2\/types\/page"}],"author":[{"embeddable":true,"href":"https:\/\/annette-weber-allendorf.com\/index.php?rest_route=\/wp\/v2\/users\/1"}],"replies":[{"embeddable":true,"href":"https:\/\/annette-weber-allendorf.com\/index.php?rest_route=%2Fwp%2Fv2%2Fcomments&post=189"}],"version-history":[{"count":226,"href":"https:\/\/annette-weber-allendorf.com\/index.php?rest_route=\/wp\/v2\/pages\/189\/revisions"}],"predecessor-version":[{"id":4473,"href":"https:\/\/annette-weber-allendorf.com\/index.php?rest_route=\/wp\/v2\/pages\/189\/revisions\/4473"}],"wp:attachment":[{"href":"https:\/\/annette-weber-allendorf.com\/index.php?rest_route=%2Fwp%2Fv2%2Fmedia&parent=189"}],"curies":[{"name":"wp","href":"https:\/\/api.w.org\/{rel}","templated":true}]}}