{"id":20,"date":"2019-04-29T09:10:38","date_gmt":"2019-04-29T09:10:38","guid":{"rendered":"\/\/www.annette-weber-allendorf.com\/?page_id=20"},"modified":"2025-08-28T11:59:11","modified_gmt":"2025-08-28T11:59:11","slug":"ausstellungsobjekte","status":"publish","type":"page","link":"https:\/\/annette-weber-allendorf.com\/?page_id=20","title":{"rendered":"Ausstellungsprojekte"},"content":{"rendered":"\t\t<div data-elementor-type=\"wp-post\" data-elementor-id=\"20\" class=\"elementor elementor-20\">\n\t\t\t\t<div class=\"elementor-element elementor-element-b94a585 e-flex e-con-boxed e-con e-parent\" data-id=\"b94a585\" data-element_type=\"container\" data-e-type=\"container\">\n\t\t\t\t\t<div class=\"e-con-inner\">\n\t\t\t\t<div class=\"elementor-element elementor-element-c360867 elementor-widget elementor-widget-image\" data-id=\"c360867\" data-element_type=\"widget\" data-e-type=\"widget\" data-widget_type=\"image.default\">\n\t\t\t\t\t\t\t\t\t\t\t\t<figure class=\"wp-caption\">\n\t\t\t\t\t\t\t\t\t\t\t<a href=\"https:\/\/annette-weber-allendorf.com\/?elementor_library=4446\">\n\t\t\t\t\t\t\t<img decoding=\"async\" src=\"https:\/\/annette-weber-allendorf.com\/wp-content\/uploads\/elementor\/thumbs\/QO1A9896-scaled-r5scbgry3a3qcg9n7m4ppprximudx4askwr05y6nbo.jpg\" title=\"QO1A9896\" alt=\"QO1A9896\" class=\"elementor-animation-shrink\" loading=\"lazy\" \/>\t\t\t\t\t\t\t\t<\/a>\n\t\t\t\t\t\t\t\t\t\t\t<figcaption class=\"widget-image-caption wp-caption-text\">Rauminstallation Kunst Museum L\u00e4nde Kressbronn 2025<\/figcaption>\n\t\t\t\t\t\t\t\t\t\t<\/figure>\n\t\t\t\t\t\t\t\t\t<\/div>\n\t\t\t\t<div class=\"elementor-element elementor-element-9fdf9b9 elementor-widget elementor-widget-image\" data-id=\"9fdf9b9\" data-element_type=\"widget\" data-e-type=\"widget\" data-widget_type=\"image.default\">\n\t\t\t\t\t\t\t\t\t\t\t\t<figure class=\"wp-caption\">\n\t\t\t\t\t\t\t\t\t\t\t<a href=\"https:\/\/annette-weber-allendorf.com\/wp-content\/uploads\/2024\/03\/IMG_6016-1.jpg\" data-elementor-open-lightbox=\"yes\" data-elementor-lightbox-title=\"IMG_6016\" data-e-action-hash=\"#elementor-action%3Aaction%3Dlightbox%26settings%3DeyJpZCI6NDI1OSwidXJsIjoiaHR0cHM6XC9cL2FubmV0dGUtd2ViZXItYWxsZW5kb3JmLmNvbVwvd3AtY29udGVudFwvdXBsb2Fkc1wvMjAyNFwvMDNcL0lNR182MDE2LTEud2VicCJ9\">\n\t\t\t\t\t\t\t<img decoding=\"async\" src=\"https:\/\/annette-weber-allendorf.com\/wp-content\/uploads\/elementor\/thumbs\/IMG_6016-1-qq8bx180fpmcg24h54g3zv66u6n10h42uzv02h63ro.webp\" title=\"IMG_6016\" alt=\"IMG_6016\" class=\"elementor-animation-shrink\" loading=\"lazy\" \/>\t\t\t\t\t\t\t\t<\/a>\n\t\t\t\t\t\t\t\t\t\t\t<figcaption class=\"widget-image-caption wp-caption-text\">Lebensr\u00e4ume Tromsdorf Kaiserslautern 2024<\/figcaption>\n\t\t\t\t\t\t\t\t\t\t<\/figure>\n\t\t\t\t\t\t\t\t\t<\/div>\n\t\t\t\t<div class=\"elementor-element elementor-element-e405c60 elementor-widget elementor-widget-image\" data-id=\"e405c60\" data-element_type=\"widget\" data-e-type=\"widget\" data-widget_type=\"image.default\">\n\t\t\t\t\t\t\t\t\t\t\t\t<figure class=\"wp-caption\">\n\t\t\t\t\t\t\t\t\t\t\t<a href=\"https:\/\/annette-weber-allendorf.com\/wp-content\/uploads\/2023\/10\/IMG_7527-rotated.jpg\" data-elementor-open-lightbox=\"yes\" data-elementor-lightbox-title=\"Ausstellung Kloster Schussenried 2023\" data-e-action-hash=\"#elementor-action%3Aaction%3Dlightbox%26settings%3DeyJpZCI6Mzk1NCwidXJsIjoiaHR0cHM6XC9cL2FubmV0dGUtd2ViZXItYWxsZW5kb3JmLmNvbVwvd3AtY29udGVudFwvdXBsb2Fkc1wvMjAyM1wvMTBcL0lNR183NTI3LXJvdGF0ZWQuanBnIn0%3D\">\n\t\t\t\t\t\t\t<img decoding=\"async\" src=\"https:\/\/annette-weber-allendorf.com\/wp-content\/uploads\/elementor\/thumbs\/IMG_7527-rotated-qe33h1vgm8aj4avswx53xz4qx8mf6q5lljnh96dmzk.jpg\" title=\"Ausstellung Kloster Schussenried 2023\" alt=\"Ausstellung Kloster Schussenried 2023\" class=\"elementor-animation-shrink\" loading=\"lazy\" \/>\t\t\t\t\t\t\t\t<\/a>\n\t\t\t\t\t\t\t\t\t\t\t<figcaption class=\"widget-image-caption wp-caption-text\">Ausstellung Kloster Schussenried 2023<\/figcaption>\n\t\t\t\t\t\t\t\t\t\t<\/figure>\n\t\t\t\t\t\t\t\t\t<\/div>\n\t\t\t\t<div class=\"elementor-element elementor-element-3a4059a elementor-widget elementor-widget-image\" data-id=\"3a4059a\" data-element_type=\"widget\" data-e-type=\"widget\" data-widget_type=\"image.default\">\n\t\t\t\t\t\t\t\t\t\t\t\t<figure class=\"wp-caption\">\n\t\t\t\t\t\t\t\t\t\t\t<a href=\"https:\/\/annette-weber-allendorf.com\/?page_id=4035\">\n\t\t\t\t\t\t\t<img decoding=\"async\" src=\"https:\/\/annette-weber-allendorf.com\/wp-content\/uploads\/elementor\/thumbs\/But-KM-LA-qe33k9hlyupd8xk5hvsohrsgdh8rrdvrmxe1b656rs.jpg\" title=\"But KM LA\" alt=\"But KM LA\" class=\"elementor-animation-shrink\" loading=\"lazy\" \/>\t\t\t\t\t\t\t\t<\/a>\n\t\t\t\t\t\t\t\t\t\t\t<figcaption class=\"widget-image-caption wp-caption-text\">Kunstmuseum Langenargen 2023<\/figcaption>\n\t\t\t\t\t\t\t\t\t\t<\/figure>\n\t\t\t\t\t\t\t\t\t<\/div>\n\t\t\t\t<div class=\"elementor-element elementor-element-133b284 elementor-widget elementor-widget-image\" data-id=\"133b284\" data-element_type=\"widget\" data-e-type=\"widget\" data-widget_type=\"image.default\">\n\t\t\t\t\t\t\t\t\t\t\t\t<figure class=\"wp-caption\">\n\t\t\t\t\t\t\t\t\t\t\t<a href=\"https:\/\/annette-weber-allendorf.com\/?page_id=4194\">\n\t\t\t\t\t\t\t<img decoding=\"async\" src=\"https:\/\/annette-weber-allendorf.com\/wp-content\/uploads\/elementor\/thumbs\/Kunstpark-Langenargen-2021-Kuratorenfuehrung-Ausstellung-psf94xaqvev7uscin3r5t2qom4ly5kzkv5zx7vy36o.jpg\" title=\"Kunstpark Langenargen 2021, Kuratorenf\u00fchrung Ausstellung\" alt=\"Kunstpark Langenargen 2021, Kuratorenf\u00fchrung Ausstellung\" class=\"elementor-animation-shrink\" loading=\"lazy\" \/>\t\t\t\t\t\t\t\t<\/a>\n\t\t\t\t\t\t\t\t\t\t\t<figcaption class=\"widget-image-caption wp-caption-text\">Kuratorenf\u00fchrung, Kunstpark Langenargen 2021<\/figcaption>\n\t\t\t\t\t\t\t\t\t\t<\/figure>\n\t\t\t\t\t\t\t\t\t<\/div>\n\t\t\t\t<div class=\"elementor-element elementor-element-b56fab9 elementor-widget elementor-widget-image\" data-id=\"b56fab9\" data-element_type=\"widget\" data-e-type=\"widget\" data-widget_type=\"image.default\">\n\t\t\t\t\t\t\t\t\t\t\t\t<figure class=\"wp-caption\">\n\t\t\t\t\t\t\t\t\t\t\t<a href=\"https:\/\/annette-weber-allendorf.com\/?page_id=4162\">\n\t\t\t\t\t\t\t<img decoding=\"async\" src=\"https:\/\/annette-weber-allendorf.com\/wp-content\/uploads\/elementor\/thumbs\/Ausstellungen-Museum-Langenargen-2021-psf6oa4ocviqyn3v9acr5y0ruzit962v0f6gxhdnz4.jpg\" title=\"Museum Langenargen 2021\" alt=\"Museum Langenargen 2021\" class=\"elementor-animation-shrink\" loading=\"lazy\" \/>\t\t\t\t\t\t\t\t<\/a>\n\t\t\t\t\t\t\t\t\t\t\t<figcaption class=\"widget-image-caption wp-caption-text\">Museum Langenargen 2021<\/figcaption>\n\t\t\t\t\t\t\t\t\t\t<\/figure>\n\t\t\t\t\t\t\t\t\t<\/div>\n\t\t\t\t<div class=\"elementor-element elementor-element-54dd044 elementor-widget elementor-widget-image\" data-id=\"54dd044\" data-element_type=\"widget\" data-e-type=\"widget\" data-widget_type=\"image.default\">\n\t\t\t\t\t\t\t\t\t\t\t\t<figure class=\"wp-caption\">\n\t\t\t\t\t\t\t\t\t\t\t<a href=\"https:\/\/annette-weber-allendorf.com\/?page_id=1440\">\n\t\t\t\t\t\t\t<img decoding=\"async\" src=\"https:\/\/annette-weber-allendorf.com\/wp-content\/uploads\/2022\/07\/Button-St-Wendel-scaled.jpg\" title=\"Button St Wendel\" alt=\"Button St Wendel\" class=\"elementor-animation-shrink\" loading=\"lazy\" \/>\t\t\t\t\t\t\t\t<\/a>\n\t\t\t\t\t\t\t\t\t\t\t<figcaption class=\"widget-image-caption wp-caption-text\">Sommerausstellung, Museum St. Wendel 2021<\/figcaption>\n\t\t\t\t\t\t\t\t\t\t<\/figure>\n\t\t\t\t\t\t\t\t\t<\/div>\n\t\t\t\t<div class=\"elementor-element elementor-element-65babec elementor-widget elementor-widget-image\" data-id=\"65babec\" data-element_type=\"widget\" data-e-type=\"widget\" data-widget_type=\"image.default\">\n\t\t\t\t\t\t\t\t\t\t\t\t<figure class=\"wp-caption\">\n\t\t\t\t\t\t\t\t\t\t\t<a href=\"https:\/\/annette-weber-allendorf.com\/?page_id=3402\">\n\t\t\t\t\t\t\t<img decoding=\"async\" src=\"https:\/\/annette-weber-allendorf.com\/wp-content\/uploads\/elementor\/thumbs\/Ausstellungen-Walking-ideas-Kaiserslautern-2020-rotated-psf6ted1kej8eicejjbv07g4hfiussduchsk071zmc.jpg\" title=\"Walking ideas Kaiserslautern 2020\" alt=\"Walking ideas Kaiserslautern 2020\" class=\"elementor-animation-shrink\" loading=\"lazy\" \/>\t\t\t\t\t\t\t\t<\/a>\n\t\t\t\t\t\t\t\t\t\t\t<figcaption class=\"widget-image-caption wp-caption-text\">Walking ideas Kaiserslautern 2020<\/figcaption>\n\t\t\t\t\t\t\t\t\t\t<\/figure>\n\t\t\t\t\t\t\t\t\t<\/div>\n\t\t\t\t<div class=\"elementor-element elementor-element-d6b330c elementor-widget elementor-widget-image\" data-id=\"d6b330c\" data-element_type=\"widget\" data-e-type=\"widget\" data-widget_type=\"image.default\">\n\t\t\t\t\t\t\t\t\t\t\t\t<figure class=\"wp-caption\">\n\t\t\t\t\t\t\t\t\t\t\t<a href=\"https:\/\/annette-weber-allendorf.com\/?page_id=2630\">\n\t\t\t\t\t\t\t<img decoding=\"async\" src=\"https:\/\/annette-weber-allendorf.com\/wp-content\/uploads\/elementor\/thumbs\/Button-Blaues-Land-scaled-pry09ehm3ncv6uj8o7zgbo5w18jl6lxpz47d7x3884.jpg\" title=\"Button Blaues Land\" alt=\"Button Blaues Land\" class=\"elementor-animation-shrink\" loading=\"lazy\" \/>\t\t\t\t\t\t\t\t<\/a>\n\t\t\t\t\t\t\t\t\t\t\t<figcaption class=\"widget-image-caption wp-caption-text\">walking ideas, Atelier Langenargen 2020 <\/figcaption>\n\t\t\t\t\t\t\t\t\t\t<\/figure>\n\t\t\t\t\t\t\t\t\t<\/div>\n\t\t\t\t<div class=\"elementor-element elementor-element-b26f160 elementor-widget elementor-widget-image\" data-id=\"b26f160\" data-element_type=\"widget\" data-e-type=\"widget\" data-widget_type=\"image.default\">\n\t\t\t\t\t\t\t\t\t\t\t\t<figure class=\"wp-caption\">\n\t\t\t\t\t\t\t\t\t\t\t<a href=\"https:\/\/annette-weber-allendorf.com\/?page_id=899\">\n\t\t\t\t\t\t\t<img decoding=\"async\" src=\"https:\/\/annette-weber-allendorf.com\/wp-content\/uploads\/elementor\/thumbs\/Button-Lena-7.11.-3-scaled-prxtdp2r2e9lm8ca3ndtqofwergdq3k7l33xbud5yc.jpg\" title=\"Lena\" alt=\"Lena\" class=\"elementor-animation-shrink\" loading=\"lazy\" \/>\t\t\t\t\t\t\t\t<\/a>\n\t\t\t\t\t\t\t\t\t\t\t<figcaption class=\"widget-image-caption wp-caption-text\">walking ideas, Budenheim\/Mainz 2019<\/figcaption>\n\t\t\t\t\t\t\t\t\t\t<\/figure>\n\t\t\t\t\t\t\t\t\t<\/div>\n\t\t\t\t<div class=\"elementor-element elementor-element-db9d158 elementor-widget elementor-widget-image\" data-id=\"db9d158\" data-element_type=\"widget\" data-e-type=\"widget\" data-widget_type=\"image.default\">\n\t\t\t\t\t\t\t\t\t\t\t\t<figure class=\"wp-caption\">\n\t\t\t\t\t\t\t\t\t\t\t<a href=\"https:\/\/annette-weber-allendorf.com\/?page_id=674\">\n\t\t\t\t\t\t\t<img decoding=\"async\" src=\"https:\/\/annette-weber-allendorf.com\/wp-content\/uploads\/elementor\/thumbs\/Luftholen-o8agdhbws0catalrtw35pmjgxqrh1kcy2ykqpbltus.jpg\" title=\"Narrenschloss\" alt=\"Narrenschloss niemand\" class=\"elementor-animation-shrink\" loading=\"lazy\" \/>\t\t\t\t\t\t\t\t<\/a>\n\t\t\t\t\t\t\t\t\t\t\t<figcaption class=\"widget-image-caption wp-caption-text\">Luftholen, Rathaus Langenargen 2017<\/figcaption>\n\t\t\t\t\t\t\t\t\t\t<\/figure>\n\t\t\t\t\t\t\t\t\t<\/div>\n\t\t\t\t<div class=\"elementor-element elementor-element-eb0479b elementor-widget elementor-widget-image\" data-id=\"eb0479b\" data-element_type=\"widget\" data-e-type=\"widget\" data-widget_type=\"image.default\">\n\t\t\t\t\t\t\t\t\t\t\t\t<figure class=\"wp-caption\">\n\t\t\t\t\t\t\t\t\t\t\t<a href=\"https:\/\/annette-weber-allendorf.com\/?page_id=672\">\n\t\t\t\t\t\t\t<img decoding=\"async\" src=\"https:\/\/annette-weber-allendorf.com\/wp-content\/uploads\/elementor\/thumbs\/Max_Videoskulptur-o7ilua7grg7nk5302rt50m40bholyrt0c46xa2dv8k.jpg\" title=\"Max_Videoskulptur (Frosch Detail)\" alt=\"Max_Videoskulptur (Frosch Detail)\" class=\"elementor-animation-shrink\" loading=\"lazy\" \/>\t\t\t\t\t\t\t\t<\/a>\n\t\t\t\t\t\t\t\t\t\t\t<figcaption class=\"widget-image-caption wp-caption-text\">Froschsprung, Buch-Kunst J\u00e4ger 2016<\/figcaption>\n\t\t\t\t\t\t\t\t\t\t<\/figure>\n\t\t\t\t\t\t\t\t\t<\/div>\n\t\t\t\t<div class=\"elementor-element elementor-element-2640b23 elementor-widget elementor-widget-image\" data-id=\"2640b23\" data-element_type=\"widget\" data-e-type=\"widget\" data-widget_type=\"image.default\">\n\t\t\t\t\t\t\t\t\t\t\t\t<figure class=\"wp-caption\">\n\t\t\t\t\t\t\t\t\t\t\t<a href=\"https:\/\/annette-weber-allendorf.com\/wp-content\/uploads\/2022\/06\/Lamepdusa.jpeg\" data-elementor-open-lightbox=\"yes\" data-elementor-lightbox-title=\"Lampedusa, Kohle+Lehmfarben, 200\u00d7160, 2014, Kunstpark Langenargen\" data-e-action-hash=\"#elementor-action%3Aaction%3Dlightbox%26settings%3DeyJpZCI6MTQ5OCwidXJsIjoiaHR0cHM6XC9cL2FubmV0dGUtd2ViZXItYWxsZW5kb3JmLmNvbVwvd3AtY29udGVudFwvdXBsb2Fkc1wvMjAyMlwvMDZcL0xhbWVwZHVzYS5qcGVnIn0%3D\">\n\t\t\t\t\t\t\t<img decoding=\"async\" src=\"https:\/\/annette-weber-allendorf.com\/wp-content\/uploads\/elementor\/thumbs\/Lamepdusa-pq3iha3rnqqray5qp4aa4wybqvogoypfuwymi7a8o4.jpeg\" title=\"Lampedusa, Kohle+Lehmfarben, 200\u00d7160, 2014, Kunstpark Langenargen\" alt=\"Lampedusa, Kohle+Lehmfarben, 200\u00d7160, 2014, Kunstpark Langenargen\" class=\"elementor-animation-shrink\" loading=\"lazy\" \/>\t\t\t\t\t\t\t\t<\/a>\n\t\t\t\t\t\t\t\t\t\t\t<figcaption class=\"widget-image-caption wp-caption-text\">L\u00f6wen Friedenskirche Langenargen, Atrium Friedrichshafen 2015 und 2017<\/figcaption>\n\t\t\t\t\t\t\t\t\t\t<\/figure>\n\t\t\t\t\t\t\t\t\t<\/div>\n\t\t\t\t<div class=\"elementor-element elementor-element-3d19da2 elementor-widget elementor-widget-image\" data-id=\"3d19da2\" data-element_type=\"widget\" data-e-type=\"widget\" data-widget_type=\"image.default\">\n\t\t\t\t\t\t\t\t\t\t\t\t<figure class=\"wp-caption\">\n\t\t\t\t\t\t\t\t\t\t\t<a href=\"https:\/\/annette-weber-allendorf.com\/wp-content\/uploads\/2019\/05\/Frieden-e1557323630424.jpg\" data-elementor-open-lightbox=\"yes\" data-elementor-lightbox-title=\"Frieden Kunstpark Langenargen\" data-e-action-hash=\"#elementor-action%3Aaction%3Dlightbox%26settings%3DeyJpZCI6NzgzLCJ1cmwiOiJodHRwczpcL1wvYW5uZXR0ZS13ZWJlci1hbGxlbmRvcmYuY29tXC93cC1jb250ZW50XC91cGxvYWRzXC8yMDE5XC8wNVwvRnJpZWRlbi1lMTU1NzMyMzYzMDQyNC5qcGcifQ%3D%3D\">\n\t\t\t\t\t\t\t<img decoding=\"async\" src=\"https:\/\/annette-weber-allendorf.com\/wp-content\/uploads\/elementor\/thumbs\/Frieden-e1557323630424-o7its5udchjued5okt33lf4w8decdtqi0cbbs78vao.jpg\" title=\"Frieden Kunstpark Langenargen\" alt=\"Frieden Kunstpark Langenargen\" class=\"elementor-animation-shrink\" loading=\"lazy\" \/>\t\t\t\t\t\t\t\t<\/a>\n\t\t\t\t\t\t\t\t\t\t\t<figcaption class=\"widget-image-caption wp-caption-text\">Frieden Kunstpark Langenargen 2014<\/figcaption>\n\t\t\t\t\t\t\t\t\t\t<\/figure>\n\t\t\t\t\t\t\t\t\t<\/div>\n\t\t\t\t<div class=\"elementor-element elementor-element-5440ac4 elementor-widget elementor-widget-image\" data-id=\"5440ac4\" data-element_type=\"widget\" data-e-type=\"widget\" data-widget_type=\"image.default\">\n\t\t\t\t\t\t\t\t\t\t\t\t<figure class=\"wp-caption\">\n\t\t\t\t\t\t\t\t\t\t\t<a href=\"https:\/\/annette-weber-allendorf.com\/wp-content\/uploads\/2024\/03\/Lampedusa-Loewe-Kunstpark-LA-2013-160x200-Lehm-scaled.jpg\" data-elementor-open-lightbox=\"yes\" data-elementor-lightbox-title=\"Lampedusa-L\u00f6we, Kunstpark LA 2013 160x200 Lehm\" data-e-action-hash=\"#elementor-action%3Aaction%3Dlightbox%26settings%3DeyJpZCI6NDExMCwidXJsIjoiaHR0cHM6XC9cL2FubmV0dGUtd2ViZXItYWxsZW5kb3JmLmNvbVwvd3AtY29udGVudFwvdXBsb2Fkc1wvMjAyNFwvMDNcL0xhbXBlZHVzYS1Mb2V3ZS1LdW5zdHBhcmstTEEtMjAxMy0xNjB4MjAwLUxlaG0tc2NhbGVkLmpwZyJ9\">\n\t\t\t\t\t\t\t<img decoding=\"async\" src=\"https:\/\/annette-weber-allendorf.com\/wp-content\/uploads\/elementor\/thumbs\/Lampedusa-Loewe-Kunstpark-LA-2013-160x200-Lehm-scaled-ql1y5q6mww4g4bk1se2z3pjsen6mvl4h604u6gr4v8.jpg\" title=\"Lampedusa-L\u00f6we, Kunstpark LA 2013 160&#215;200 Lehm\" alt=\"Lampedusa-L\u00f6we, Kunstpark LA 2013 160x200 Lehm\" class=\"elementor-animation-shrink\" loading=\"lazy\" \/>\t\t\t\t\t\t\t\t<\/a>\n\t\t\t\t\t\t\t\t\t\t\t<figcaption class=\"widget-image-caption wp-caption-text\">Lampedusa, Kunstpark Langenargen 2013<\/figcaption>\n\t\t\t\t\t\t\t\t\t\t<\/figure>\n\t\t\t\t\t\t\t\t\t<\/div>\n\t\t\t\t<div class=\"elementor-element elementor-element-b38a94b elementor-widget elementor-widget-image\" data-id=\"b38a94b\" data-element_type=\"widget\" data-e-type=\"widget\" data-widget_type=\"image.default\">\n\t\t\t\t\t\t\t\t\t\t\t\t<figure class=\"wp-caption\">\n\t\t\t\t\t\t\t\t\t\t\t<a href=\"https:\/\/annette-weber-allendorf.com\/wp-content\/uploads\/2019\/05\/Seegang-Kunstpark-e1558356501196.jpg\" data-elementor-open-lightbox=\"yes\" data-elementor-lightbox-title=\"Seegang Kunstpark\" data-e-action-hash=\"#elementor-action%3Aaction%3Dlightbox%26settings%3DeyJpZCI6ODkxLCJ1cmwiOiJodHRwczpcL1wvYW5uZXR0ZS13ZWJlci1hbGxlbmRvcmYuY29tXC93cC1jb250ZW50XC91cGxvYWRzXC8yMDE5XC8wNVwvU2VlZ2FuZy1LdW5zdHBhcmstZTE1NTgzNTY1MDExOTYuanBnIn0%3D\">\n\t\t\t\t\t\t\t<img decoding=\"async\" src=\"https:\/\/annette-weber-allendorf.com\/wp-content\/uploads\/elementor\/thumbs\/Seegang-Kunstpark-e1558356501196-o83mwfo3uz3auuwnz128wmgmwnfsnjwd3n5dsads2s.jpg\" title=\"Seegang Kunstpark\" alt=\"Seegang Kunstpark\" class=\"elementor-animation-shrink\" loading=\"lazy\" \/>\t\t\t\t\t\t\t\t<\/a>\n\t\t\t\t\t\t\t\t\t\t\t<figcaption class=\"widget-image-caption wp-caption-text\">Seegang Kunstpark Langenargen 2009<\/figcaption>\n\t\t\t\t\t\t\t\t\t\t<\/figure>\n\t\t\t\t\t\t\t\t\t<\/div>\n\t\t\t\t<div class=\"elementor-element elementor-element-33cba24 elementor-widget elementor-widget-image\" data-id=\"33cba24\" data-element_type=\"widget\" data-e-type=\"widget\" data-widget_type=\"image.default\">\n\t\t\t\t\t\t\t\t\t\t\t\t<figure class=\"wp-caption\">\n\t\t\t\t\t\t\t\t\t\t\t<a href=\"https:\/\/annette-weber-allendorf.com\/wp-content\/uploads\/2019\/05\/2007-Eva-Wasserskulptur-St.-Ulrich-Wangen.jpg\" data-elementor-open-lightbox=\"yes\" data-elementor-lightbox-title=\"&quot;Eva&quot; Installation Wangen\" data-e-action-hash=\"#elementor-action%3Aaction%3Dlightbox%26settings%3DeyJpZCI6NjQ5LCJ1cmwiOiJodHRwczpcL1wvYW5uZXR0ZS13ZWJlci1hbGxlbmRvcmYuY29tXC93cC1jb250ZW50XC91cGxvYWRzXC8yMDE5XC8wNVwvMjAwNy1FdmEtV2Fzc2Vyc2t1bHB0dXItU3QuLVVscmljaC1XYW5nZW4uanBnIn0%3D\">\n\t\t\t\t\t\t\t<img decoding=\"async\" src=\"https:\/\/annette-weber-allendorf.com\/wp-content\/uploads\/elementor\/thumbs\/2007-Eva-Wasserskulptur-St.-Ulrich-Wangen-o7i9qy8diq9whnff43ifpyvny5ds1akctf4arluuzo.jpg\" title=\"&#8222;Eva&#8220; Installation Wangen\" alt=\"MINOLTA DIGITAL CAMERA\" class=\"elementor-animation-shrink\" loading=\"lazy\" \/>\t\t\t\t\t\t\t\t<\/a>\n\t\t\t\t\t\t\t\t\t\t\t<figcaption class=\"widget-image-caption wp-caption-text\">Eva, St. Ulrich Kirche Wangen 2007<\/figcaption>\n\t\t\t\t\t\t\t\t\t\t<\/figure>\n\t\t\t\t\t\t\t\t\t<\/div>\n\t\t\t\t<div class=\"elementor-element elementor-element-80e5370 elementor-widget elementor-widget-image\" data-id=\"80e5370\" data-element_type=\"widget\" data-e-type=\"widget\" data-widget_type=\"image.default\">\n\t\t\t\t\t\t\t\t\t\t\t\t<figure class=\"wp-caption\">\n\t\t\t\t\t\t\t\t\t\t\t<a href=\"https:\/\/annette-weber-allendorf.com\/?page_id=662\">\n\t\t\t\t\t\t\t<img decoding=\"async\" src=\"https:\/\/annette-weber-allendorf.com\/wp-content\/uploads\/elementor\/thumbs\/PICT2-ql1yfyndby3zukoeipc1ggtgox27s3shcfmf9hscjs.jpg\" title=\"MINOLTA DIGITAL CAMERA\" alt=\"MINOLTA DIGITAL CAMERA\" class=\"elementor-animation-shrink\" loading=\"lazy\" \/>\t\t\t\t\t\t\t\t<\/a>\n\t\t\t\t\t\t\t\t\t\t\t<figcaption class=\"widget-image-caption wp-caption-text\">Eva, Liebfrauenkirche Ravensburg 2007<\/figcaption>\n\t\t\t\t\t\t\t\t\t\t<\/figure>\n\t\t\t\t\t\t\t\t\t<\/div>\n\t\t\t\t<div class=\"elementor-element elementor-element-eae8b6f elementor-widget elementor-widget-image\" data-id=\"eae8b6f\" data-element_type=\"widget\" data-e-type=\"widget\" data-widget_type=\"image.default\">\n\t\t\t\t\t\t\t\t\t\t\t\t<figure class=\"wp-caption\">\n\t\t\t\t\t\t\t\t\t\t\t<a href=\"https:\/\/annette-weber-allendorf.com\/?page_id=497\">\n\t\t\t\t\t\t\t<img decoding=\"async\" src=\"https:\/\/annette-weber-allendorf.com\/wp-content\/uploads\/elementor\/thumbs\/Button-glss-Kosthaus-scaled-ql1yu5zklti9wo0skmbpjka6ozpa9s8wua129559e8.jpg\" title=\"Button glss Kosthaus\" alt=\"Button glss Kosthaus\" class=\"elementor-animation-shrink\" loading=\"lazy\" \/>\t\t\t\t\t\t\t\t<\/a>\n\t\t\t\t\t\t\t\t\t\t\t<figcaption class=\"widget-image-caption wp-caption-text\">Kosthaus, Langenargen 1999<\/figcaption>\n\t\t\t\t\t\t\t\t\t\t<\/figure>\n\t\t\t\t\t\t\t\t\t<\/div>\n\t\t\t\t<div class=\"elementor-element elementor-element-1708ba4 elementor-widget elementor-widget-image\" data-id=\"1708ba4\" data-element_type=\"widget\" data-e-type=\"widget\" data-widget_type=\"image.default\">\n\t\t\t\t\t\t\t\t\t\t\t\t<figure class=\"wp-caption\">\n\t\t\t\t\t\t\t\t\t\t\t<a href=\"https:\/\/annette-weber-allendorf.com\/?page_id=502\">\n\t\t\t\t\t\t\t<img decoding=\"async\" src=\"https:\/\/annette-weber-allendorf.com\/wp-content\/uploads\/elementor\/thumbs\/Ausstellung-Schlossbergh\u00f6hlen-Homburg-Saar-1-o79o3lz4s0emmhk8r3jeyglzsb7doze9v7gr444okk.jpg\" title=\"Ausstellung Schlossbergh\u00f6hlen Homburg Saar\" alt=\"Ausstellung Schlossbergh\u00f6hlen Homburg Saar\" class=\"elementor-animation-shrink\" loading=\"lazy\" \/>\t\t\t\t\t\t\t\t<\/a>\n\t\t\t\t\t\t\t\t\t\t\t<figcaption class=\"widget-image-caption wp-caption-text\">Kunstmanoever, Schlo\u00dfberghoehlen Homburg Saar 1998<\/figcaption>\n\t\t\t\t\t\t\t\t\t\t<\/figure>\n\t\t\t\t\t\t\t\t\t<\/div>\n\t\t\t\t<div class=\"elementor-element elementor-element-df45782 elementor-widget elementor-widget-image\" data-id=\"df45782\" data-element_type=\"widget\" data-e-type=\"widget\" data-widget_type=\"image.default\">\n\t\t\t\t\t\t\t\t\t\t\t\t<figure class=\"wp-caption\">\n\t\t\t\t\t\t\t\t\t\t\t<a href=\"https:\/\/annette-weber-allendorf.com\/?page_id=514\">\n\t\t\t\t\t\t\t<img decoding=\"async\" src=\"https:\/\/annette-weber-allendorf.com\/wp-content\/uploads\/elementor\/thumbs\/Lotsin-Goteborg-Kunstmanoever-Roeda-Sten-Schweden-1997-o785k3y2fuis6jnn7v43xfzfnb1tmjfmws3oitfk9w.jpg\" title=\"Lotsin G\u00f6teborg Kunstman\u00f6ver Roeda Sten Schweden 1997\" alt=\"Lotsin in G\u00f6teburg\" class=\"elementor-animation-shrink\" loading=\"lazy\" \/>\t\t\t\t\t\t\t\t<\/a>\n\t\t\t\t\t\t\t\t\t\t\t<figcaption class=\"widget-image-caption wp-caption-text\">Kunstmanoever, Roeda Sten Goeteborg Schweden 1997<\/figcaption>\n\t\t\t\t\t\t\t\t\t\t<\/figure>\n\t\t\t\t\t\t\t\t\t<\/div>\n\t\t\t\t<div class=\"elementor-element elementor-element-9fd1c8e elementor-widget elementor-widget-image\" data-id=\"9fd1c8e\" data-element_type=\"widget\" data-e-type=\"widget\" data-widget_type=\"image.default\">\n\t\t\t\t\t\t\t\t\t\t\t\t<figure class=\"wp-caption\">\n\t\t\t\t\t\t\t\t\t\t\t<a href=\"https:\/\/annette-weber-allendorf.com\/?page_id=525\">\n\t\t\t\t\t\t\t<img decoding=\"async\" src=\"https:\/\/annette-weber-allendorf.com\/wp-content\/uploads\/2022\/07\/Button-Schwedensaeule-vor-Fliegerbunker-scaled.jpg\" title=\"\" alt=\"\" class=\"elementor-animation-shrink\" loading=\"lazy\" \/>\t\t\t\t\t\t\t\t<\/a>\n\t\t\t\t\t\t\t\t\t\t\t<figcaption class=\"widget-image-caption wp-caption-text\">Kunstmanoever, Rote Kaserne Neuruppin \/Berlin 1997<\/figcaption>\n\t\t\t\t\t\t\t\t\t\t<\/figure>\n\t\t\t\t\t\t\t\t\t<\/div>\n\t\t\t\t<div class=\"elementor-element elementor-element-85cc4e8 elementor-widget elementor-widget-image\" data-id=\"85cc4e8\" data-element_type=\"widget\" data-e-type=\"widget\" data-widget_type=\"image.default\">\n\t\t\t\t\t\t\t\t\t\t\t\t<figure class=\"wp-caption\">\n\t\t\t\t\t\t\t\t\t\t\t<a href=\"https:\/\/annette-weber-allendorf.com\/?page_id=535\">\n\t\t\t\t\t\t\t<img fetchpriority=\"high\" decoding=\"async\" width=\"2560\" height=\"762\" src=\"https:\/\/annette-weber-allendorf.com\/wp-content\/uploads\/2022\/07\/Button-wassers-Immobil-mobil-scaled.jpg\" class=\"elementor-animation-shrink attachment-full size-full wp-image-2350\" alt=\"\" srcset=\"https:\/\/annette-weber-allendorf.com\/wp-content\/uploads\/2022\/07\/Button-wassers-Immobil-mobil-scaled.jpg 2560w, https:\/\/annette-weber-allendorf.com\/wp-content\/uploads\/2022\/07\/Button-wassers-Immobil-mobil-300x89.jpg 300w, https:\/\/annette-weber-allendorf.com\/wp-content\/uploads\/2022\/07\/Button-wassers-Immobil-mobil-1024x305.jpg 1024w, https:\/\/annette-weber-allendorf.com\/wp-content\/uploads\/2022\/07\/Button-wassers-Immobil-mobil-768x229.jpg 768w, https:\/\/annette-weber-allendorf.com\/wp-content\/uploads\/2022\/07\/Button-wassers-Immobil-mobil-1536x457.jpg 1536w, https:\/\/annette-weber-allendorf.com\/wp-content\/uploads\/2022\/07\/Button-wassers-Immobil-mobil-2048x610.jpg 2048w\" sizes=\"(max-width: 2560px) 100vw, 2560px\" \/>\t\t\t\t\t\t\t\t<\/a>\n\t\t\t\t\t\t\t\t\t\t\t<figcaption class=\"widget-image-caption wp-caption-text\">Immobil-mobil, Frankfurter Hof Mainz 1997<\/figcaption>\n\t\t\t\t\t\t\t\t\t\t<\/figure>\n\t\t\t\t\t\t\t\t\t<\/div>\n\t\t\t\t<div class=\"elementor-element elementor-element-1b4943f elementor-widget elementor-widget-image\" data-id=\"1b4943f\" data-element_type=\"widget\" data-e-type=\"widget\" data-widget_type=\"image.default\">\n\t\t\t\t\t\t\t\t\t\t\t\t<figure class=\"wp-caption\">\n\t\t\t\t\t\t\t\t\t\t<img decoding=\"async\" width=\"2560\" height=\"762\" src=\"https:\/\/annette-weber-allendorf.com\/wp-content\/uploads\/2022\/07\/Button-Aug-im-Aug-scaled.jpg\" class=\"attachment-full size-full wp-image-2360\" alt=\"\" srcset=\"https:\/\/annette-weber-allendorf.com\/wp-content\/uploads\/2022\/07\/Button-Aug-im-Aug-scaled.jpg 2560w, https:\/\/annette-weber-allendorf.com\/wp-content\/uploads\/2022\/07\/Button-Aug-im-Aug-300x89.jpg 300w, https:\/\/annette-weber-allendorf.com\/wp-content\/uploads\/2022\/07\/Button-Aug-im-Aug-1024x305.jpg 1024w, https:\/\/annette-weber-allendorf.com\/wp-content\/uploads\/2022\/07\/Button-Aug-im-Aug-768x229.jpg 768w, https:\/\/annette-weber-allendorf.com\/wp-content\/uploads\/2022\/07\/Button-Aug-im-Aug-1536x457.jpg 1536w, https:\/\/annette-weber-allendorf.com\/wp-content\/uploads\/2022\/07\/Button-Aug-im-Aug-2048x610.jpg 2048w\" sizes=\"(max-width: 2560px) 100vw, 2560px\" \/>\t\t\t\t\t\t\t\t\t\t\t<figcaption class=\"widget-image-caption wp-caption-text\">Aug um Aug, Johanneskirche Saarbr\u00fccken 1996\/97<\/figcaption>\n\t\t\t\t\t\t\t\t\t\t<\/figure>\n\t\t\t\t\t\t\t\t\t<\/div>\n\t\t\t\t<div class=\"elementor-element elementor-element-73c1244 elementor-widget elementor-widget-image\" data-id=\"73c1244\" data-element_type=\"widget\" data-e-type=\"widget\" data-widget_type=\"image.default\">\n\t\t\t\t\t\t\t\t\t\t\t\t<figure class=\"wp-caption\">\n\t\t\t\t\t\t\t\t\t\t\t<a href=\"https:\/\/annette-weber-allendorf.com\/?page_id=531\">\n\t\t\t\t\t\t\t<img decoding=\"async\" src=\"https:\/\/annette-weber-allendorf.com\/wp-content\/uploads\/2022\/07\/zelt-Kunstmanoever-Holzendorf-scaled.jpg\" title=\"zelt Kunstmanoever Holzendorf\" alt=\"zelt Kunstmanoever Holzendorf\" class=\"elementor-animation-shrink\" loading=\"lazy\" \/>\t\t\t\t\t\t\t\t<\/a>\n\t\t\t\t\t\t\t\t\t\t\t<figcaption class=\"widget-image-caption wp-caption-text\">Kunstmanoever, Holtzendorff-Kaserne Kaiserslautern (Pfalz), 1996 <\/figcaption>\n\t\t\t\t\t\t\t\t\t\t<\/figure>\n\t\t\t\t\t\t\t\t\t<\/div>\n\t\t\t\t<div class=\"elementor-element elementor-element-983f86b elementor-widget elementor-widget-image\" data-id=\"983f86b\" data-element_type=\"widget\" data-e-type=\"widget\" data-widget_type=\"image.default\">\n\t\t\t\t\t\t\t\t\t\t\t\t<figure class=\"wp-caption\">\n\t\t\t\t\t\t\t\t\t\t<img decoding=\"async\" src=\"https:\/\/annette-weber-allendorf.com\/wp-content\/uploads\/2022\/07\/Button-Dirne_Madonna-scaled.jpg\" title=\"KM_C308-20190502155159\" alt=\"KM_C308-20190502155159\" loading=\"lazy\" \/>\t\t\t\t\t\t\t\t\t\t\t<figcaption class=\"widget-image-caption wp-caption-text\">Video ma donna, Johanneskirche Saarbr\u00fccken 1996 und Saarkirche Ingelheim 1994<\/figcaption>\n\t\t\t\t\t\t\t\t\t\t<\/figure>\n\t\t\t\t\t\t\t\t\t<\/div>\n\t\t\t\t\t<\/div>\n\t\t\t\t<\/div>\n\t\t\t\t<\/div>\n\t\t","protected":false},"excerpt":{"rendered":"<p>Rauminstallation Kunst Museum L\u00e4nde Kressbronn 2025 Lebensr\u00e4ume Tromsdorf Kaiserslautern 2024 Ausstellung Kloster Schussenried 2023 Kunstmuseum Langenargen 2023 Kuratorenf\u00fchrung, Kunstpark Langenargen 2021 Museum Langenargen 2021 Sommerausstellung, Museum St. Wendel 2021 Walking ideas Kaiserslautern 2020 walking ideas, Atelier Langenargen 2020 walking ideas, Budenheim\/Mainz 2019 Luftholen, Rathaus Langenargen 2017 Froschsprung, Buch-Kunst J\u00e4ger 2016 L\u00f6wen Friedenskirche Langenargen, Atrium Friedrichshafen [&hellip;]<\/p>\n","protected":false},"author":1,"featured_media":0,"parent":0,"menu_order":5,"comment_status":"closed","ping_status":"closed","template":"","meta":{"ocean_post_layout":"","ocean_both_sidebars_style":"","ocean_both_sidebars_content_width":0,"ocean_both_sidebars_sidebars_width":0,"ocean_sidebar":"","ocean_second_sidebar":"","ocean_disable_margins":"enable","ocean_add_body_class":"","ocean_shortcode_before_top_bar":"","ocean_shortcode_after_top_bar":"","ocean_shortcode_before_header":"","ocean_shortcode_after_header":"","ocean_has_shortcode":"","ocean_shortcode_after_title":"","ocean_shortcode_before_footer_widgets":"","ocean_shortcode_after_footer_widgets":"","ocean_shortcode_before_footer_bottom":"","ocean_shortcode_after_footer_bottom":"","ocean_display_top_bar":"default","ocean_display_header":"default","ocean_header_style":"","ocean_center_header_left_menu":"","ocean_custom_header_template":"","ocean_custom_logo":0,"ocean_custom_retina_logo":0,"ocean_custom_logo_max_width":0,"ocean_custom_logo_tablet_max_width":0,"ocean_custom_logo_mobile_max_width":0,"ocean_custom_logo_max_height":0,"ocean_custom_logo_tablet_max_height":0,"ocean_custom_logo_mobile_max_height":0,"ocean_header_custom_menu":"","ocean_menu_typo_font_family":"","ocean_menu_typo_font_subset":"","ocean_menu_typo_font_size":0,"ocean_menu_typo_font_size_tablet":0,"ocean_menu_typo_font_size_mobile":0,"ocean_menu_typo_font_size_unit":"px","ocean_menu_typo_font_weight":"","ocean_menu_typo_font_weight_tablet":"","ocean_menu_typo_font_weight_mobile":"","ocean_menu_typo_transform":"","ocean_menu_typo_transform_tablet":"","ocean_menu_typo_transform_mobile":"","ocean_menu_typo_line_height":0,"ocean_menu_typo_line_height_tablet":0,"ocean_menu_typo_line_height_mobile":0,"ocean_menu_typo_line_height_unit":"","ocean_menu_typo_spacing":0,"ocean_menu_typo_spacing_tablet":0,"ocean_menu_typo_spacing_mobile":0,"ocean_menu_typo_spacing_unit":"","ocean_menu_link_color":"","ocean_menu_link_color_hover":"","ocean_menu_link_color_active":"","ocean_menu_link_background":"","ocean_menu_link_hover_background":"","ocean_menu_link_active_background":"","ocean_menu_social_links_bg":"","ocean_menu_social_hover_links_bg":"","ocean_menu_social_links_color":"","ocean_menu_social_hover_links_color":"","ocean_disable_title":"default","ocean_disable_heading":"default","ocean_post_title":"","ocean_post_subheading":"","ocean_post_title_style":"","ocean_post_title_background_color":"","ocean_post_title_background":0,"ocean_post_title_bg_image_position":"","ocean_post_title_bg_image_attachment":"","ocean_post_title_bg_image_repeat":"","ocean_post_title_bg_image_size":"","ocean_post_title_height":0,"ocean_post_title_bg_overlay":0.5,"ocean_post_title_bg_overlay_color":"","ocean_disable_breadcrumbs":"default","ocean_breadcrumbs_color":"","ocean_breadcrumbs_separator_color":"","ocean_breadcrumbs_links_color":"","ocean_breadcrumbs_links_hover_color":"","ocean_display_footer_widgets":"default","ocean_display_footer_bottom":"default","ocean_custom_footer_template":"","omw_enable_modal_window":"enable","footnotes":""},"class_list":["post-20","page","type-page","status-publish","hentry","entry"],"_links":{"self":[{"href":"https:\/\/annette-weber-allendorf.com\/index.php?rest_route=\/wp\/v2\/pages\/20","targetHints":{"allow":["GET"]}}],"collection":[{"href":"https:\/\/annette-weber-allendorf.com\/index.php?rest_route=\/wp\/v2\/pages"}],"about":[{"href":"https:\/\/annette-weber-allendorf.com\/index.php?rest_route=\/wp\/v2\/types\/page"}],"author":[{"embeddable":true,"href":"https:\/\/annette-weber-allendorf.com\/index.php?rest_route=\/wp\/v2\/users\/1"}],"replies":[{"embeddable":true,"href":"https:\/\/annette-weber-allendorf.com\/index.php?rest_route=%2Fwp%2Fv2%2Fcomments&post=20"}],"version-history":[{"count":377,"href":"https:\/\/annette-weber-allendorf.com\/index.php?rest_route=\/wp\/v2\/pages\/20\/revisions"}],"predecessor-version":[{"id":4458,"href":"https:\/\/annette-weber-allendorf.com\/index.php?rest_route=\/wp\/v2\/pages\/20\/revisions\/4458"}],"wp:attachment":[{"href":"https:\/\/annette-weber-allendorf.com\/index.php?rest_route=%2Fwp%2Fv2%2Fmedia&parent=20"}],"curies":[{"name":"wp","href":"https:\/\/api.w.org\/{rel}","templated":true}]}}